{"id":1577,"date":"2025-01-15T16:13:56","date_gmt":"2025-01-15T15:13:56","guid":{"rendered":"https:\/\/batzen.eus\/?post_type=mec-events&#038;p=1577"},"modified":"2025-01-15T16:17:19","modified_gmt":"2025-01-15T15:17:19","slug":"lanbide-ezagutzeko-tailerra_taller-para-conocer-lanbide","status":"publish","type":"mec-events","link":"https:\/\/batzen.eus\/es\/actividades\/lanbide-ezagutzeko-tailerra_taller-para-conocer-lanbide\/","title":{"rendered":"LANBIDE ezagutzeko tailerra_taller para conocer LANBIDE"},"content":{"rendered":"<p>Euskal Autonomia Erkidegoan enpleguaren konpetentzia LANBIDEren eskumena dela badakigu, baina gutxi sakondu izan ohi dugu honek eskaintzen dizkigun baliabideetan. Saio honetan, Lanbideko bi teknikari profesionalek, zerbitzua azalduko digute: zer den eta nola osatzen den, baita LANBIDEK eskaintzen dituen zerbitzuak zein diren ere. Honez gain, lan bilaketarako erremintak zein diren aurkeztuko digute. Ez galdu aukera!<\/p>\n<div id=\"translation_text\">\n<div class=\"jumbotron-text\">\n<div class=\"row\">\n<div class=\"col-md-12 col-xs-12\">Sabemos que en la Comunidad Aut\u00f3noma del Pa\u00eds Vasco es competencia de LANBIDE todo lo relacionado con el empleo, pero pocas veces profundizamos poco en los recursos que nos ofrece. En esta sesi\u00f3n, dos t\u00e9cnicas profesionales de Lanbide nos explicar\u00e1n qu\u00e9 es y c\u00f3mo se compone Lanbide, y cu\u00e1les son los servicios que ofrece. Adem\u00e1s, nos presentar\u00e1n cu\u00e1les son las herramientas de b\u00fasqueda de trabajo. \u00a1No pierdas la oportunidad!<\/div>\n<div><\/div>\n<\/div>\n<\/div>\n<div>\n<div class=\"wpcf7 no-js\" id=\"wpcf7-f1580-o1\" lang=\"eu-ES\" dir=\"ltr\" data-wpcf7-id=\"1580\">\n<div class=\"screen-reader-response\"><p role=\"status\" aria-live=\"polite\" aria-atomic=\"true\"><\/p> <ul><\/ul><\/div>\n<form action=\"\/es\/wp-json\/wp\/v2\/mec-events\/1577#wpcf7-f1580-o1\" method=\"post\" class=\"wpcf7-form init\" aria-label=\"Formulario de contacto\" novalidate=\"novalidate\" data-status=\"init\">\n<fieldset class=\"hidden-fields-container\"><input type=\"hidden\" name=\"_wpcf7\" value=\"1580\" \/><input type=\"hidden\" name=\"_wpcf7_version\" value=\"6.1.5\" \/><input type=\"hidden\" name=\"_wpcf7_locale\" value=\"eu_ES\" \/><input type=\"hidden\" name=\"_wpcf7_unit_tag\" value=\"wpcf7-f1580-o1\" \/><input type=\"hidden\" name=\"_wpcf7_container_post\" value=\"0\" \/><input type=\"hidden\" name=\"_wpcf7_posted_data_hash\" value=\"\" \/>\n<\/fieldset>\n<p><span class=\"wpcf7-form-control-wrap\" data-name=\"Gaztearenizen-abizenak\"><input size=\"40\" maxlength=\"400\" class=\"wpcf7-form-control wpcf7-text wpcf7-validates-as-required\" aria-required=\"true\" aria-invalid=\"false\" placeholder=\"Gaztearen izen-abizenak\" value=\"\" type=\"text\" name=\"Gaztearenizen-abizenak\" \/><\/span>\n<\/p>\n<p><span class=\"wpcf7-form-control-wrap\" data-name=\"errekurtsoaentitatea\"><input size=\"40\" maxlength=\"400\" class=\"wpcf7-form-control wpcf7-text wpcf7-validates-as-required\" aria-required=\"true\" aria-invalid=\"false\" placeholder=\"Errekurtsoa\/Entitatea\" value=\"\" type=\"text\" name=\"errekurtsoaentitatea\" \/><\/span>\n<\/p>\n<p><span class=\"wpcf7-form-control-wrap\" data-name=\"Gaztearentelefonozenbakia\"><input size=\"40\" maxlength=\"400\" class=\"wpcf7-form-control wpcf7-tel wpcf7-validates-as-required wpcf7-text wpcf7-validates-as-tel\" aria-required=\"true\" aria-invalid=\"false\" placeholder=\"Gaztearen telefono zenbakia\" value=\"\" type=\"tel\" name=\"Gaztearentelefonozenbakia\" \/><\/span>\n<\/p>\n<p><span class=\"wpcf7-form-control-wrap\" data-name=\"Gaztearenpostaelektronikokohelbidea\"><input size=\"40\" maxlength=\"400\" class=\"wpcf7-form-control wpcf7-email wpcf7-validates-as-required wpcf7-text wpcf7-validates-as-email\" aria-required=\"true\" aria-invalid=\"false\" placeholder=\"Gaztearen posta elektronikoko helbidea\" value=\"\" type=\"email\" name=\"Gaztearenpostaelektronikokohelbidea\" \/><\/span>\n<\/p>\n<p><span class=\"wpcf7-form-control-wrap\" data-name=\"onartzen\"><span class=\"wpcf7-form-control wpcf7-acceptance\"><span class=\"wpcf7-list-item\"><input type=\"checkbox\" name=\"onartzen\" value=\"1\" id=\"onartzen\" aria-invalid=\"false\" \/><\/span><\/span><\/span><a href=\"https:\/\/batzen.eus\/ohar-legala\/\" target=\"_blank\">Lege Oharra<\/a> eta <a href=\"https:\/\/batzen.eus\/pribatutasun-politika\/\" target=\"_blank\">Pribatutasun Politika<\/a> irakurri eta onartzen ditut\n<\/p>\n<p><span class=\"wpcf7-form-control-wrap\" data-name=\"hcap-cf7\">\t\t<input\n\t\t\t\ttype=\"hidden\"\n\t\t\t\tclass=\"hcaptcha-widget-id\"\n\t\t\t\tname=\"hcaptcha-widget-id\"\n\t\t\t\tvalue=\"eyJzb3VyY2UiOlsiY29udGFjdC1mb3JtLTdcL3dwLWNvbnRhY3QtZm9ybS03LnBocCJdLCJmb3JtX2lkIjo2OX0=-2ec97f778db84d73b5f0b7a4e86a708c\">\n\t\t\t\t<span id=\"hcap_cf7-69f3865d0e63a4.35949133\" class=\"wpcf7-form-control h-captcha \"\n\t\t\tdata-sitekey=\"82a68a69-60f8-41ff-8c5c-c801782a452c\"\n\t\t\tdata-theme=\"light\"\n\t\t\tdata-size=\"normal\"\n\t\t\tdata-auto=\"false\"\n\t\t\tdata-ajax=\"false\"\n\t\t\tdata-force=\"false\">\n\t\t<\/span>\n\t\t<input type=\"hidden\" id=\"_wpnonce\" name=\"_wpnonce\" value=\"4a4bae2f86\" \/><input type=\"hidden\" name=\"_wp_http_referer\" value=\"\/es\/wp-json\/wp\/v2\/mec-events\/1577\" \/><\/span><input class=\"wpcf7-form-control wpcf7-submit has-spinner\" type=\"submit\" value=\"Bidali\" \/>\n<\/p>\n<p><input type=\"hidden\" name=\"wpadcf7sl_remaining\" value=\"18\">\n<input type=\"hidden\" name=\"wpadcf7sl_after_submission\" value=\"\">\n<input type=\"hidden\" name=\"wpadcf7sl_reload_delay\" value=\"\">\n<input type=\"hidden\" name=\"wpadcf7sl_redirect_page\" value=\"\">\n<span class=\"wpcf7-form-control-wrap formid:1580\">\n\t\t\t\t\t\tQuedan 18 plazas.\t\t\t<\/span>\n\n<\/p><div class=\"wpcf7-response-output\" aria-hidden=\"true\"><\/div>\n<\/form>\n<\/div>\n<\/div>\n<\/div>\n","protected":false},"excerpt":{"rendered":"<p>Euskal Autonomia Erkidegoan enpleguaren konpetentzia LANBIDEren eskumena dela badakigu, baina gutxi sakondu izan ohi dugu honek eskaintzen dizkigun baliabideetan. Saio honetan, Lanbideko bi teknikari profesionalek, zerbitzua azalduko digute: zer den eta nola osatzen den, baita LANBIDEK eskaintzen dituen zerbitzuak zein diren ere. Honez gain, lan bilaketarako erremintak zein diren aurkeztuko digute. Ez galdu aukera! Sabemos [&hellip;]<\/p>\n","protected":false},"author":2,"featured_media":1578,"comment_status":"closed","ping_status":"closed","template":"","meta":{"_acf_changed":false,"site-sidebar-layout":"default","site-content-layout":"","ast-site-content-layout":"default","site-content-style":"default","site-sidebar-style":"default","ast-global-header-display":"","ast-banner-title-visibility":"","ast-main-header-display":"","ast-hfb-above-header-display":"","ast-hfb-below-header-display":"","ast-hfb-mobile-header-display":"","site-post-title":"","ast-breadcrumbs-content":"","ast-featured-img":"","footer-sml-layout":"","ast-disable-related-posts":"","theme-transparent-header-meta":"default","adv-header-id-meta":"","stick-header-meta":"default","header-above-stick-meta":"","header-main-stick-meta":"","header-below-stick-meta":"","astra-migrate-meta-layouts":"set","ast-page-background-enabled":"default","ast-page-background-meta":{"desktop":{"background-color":"","background-image":"","background-repeat":"repeat","background-position":"center center","background-size":"auto","background-attachment":"scroll","background-type":"","background-media":"","overlay-type":"","overlay-color":"","overlay-opacity":"","overlay-gradient":""},"tablet":{"background-color":"","background-image":"","background-repeat":"repeat","background-position":"center center","background-size":"auto","background-attachment":"scroll","background-type":"","background-media":"","overlay-type":"","overlay-color":"","overlay-opacity":"","overlay-gradient":""},"mobile":{"background-color":"","background-image":"","background-repeat":"repeat","background-position":"center center","background-size":"auto","background-attachment":"scroll","background-type":"","background-media":"","overlay-type":"","overlay-color":"","overlay-opacity":"","overlay-gradient":""}},"ast-content-background-meta":{"desktop":{"background-color":"var(--ast-global-color-5)","background-image":"","background-repeat":"repeat","background-position":"center center","background-size":"auto","background-attachment":"scroll","background-type":"","background-media":"","overlay-type":"","overlay-color":"","overlay-opacity":"","overlay-gradient":""},"tablet":{"background-color":"var(--ast-global-color-5)","background-image":"","background-repeat":"repeat","background-position":"center center","background-size":"auto","background-attachment":"scroll","background-type":"","background-media":"","overlay-type":"","overlay-color":"","overlay-opacity":"","overlay-gradient":""},"mobile":{"background-color":"var(--ast-global-color-5)","background-image":"","background-repeat":"repeat","background-position":"center center","background-size":"auto","background-attachment":"scroll","background-type":"","background-media":"","overlay-type":"","overlay-color":"","overlay-opacity":"","overlay-gradient":""}}},"tags":[],"mec_category":[],"class_list":["post-1577","mec-events","type-mec-events","status-publish","has-post-thumbnail","hentry"],"acf":[],"yoast_head":"<!-- This site is optimized with the Yoast SEO plugin v27.1.1 - https:\/\/yoast.com\/product\/yoast-seo-wordpress\/ -->\n<title>LANBIDE ezagutzeko tailerra_taller para conocer LANBIDE - Batzen<\/title>\n<meta name=\"robots\" content=\"index, follow, max-snippet:-1, max-image-preview:large, max-video-preview:-1\" \/>\n<link rel=\"canonical\" href=\"https:\/\/batzen.eus\/es\/actividades\/lanbide-ezagutzeko-tailerra_taller-para-conocer-lanbide\/\" \/>\n<meta property=\"og:locale\" content=\"es_ES\" \/>\n<meta property=\"og:type\" content=\"article\" \/>\n<meta property=\"og:title\" content=\"LANBIDE ezagutzeko tailerra_taller para conocer LANBIDE - Batzen\" \/>\n<meta property=\"og:description\" content=\"Euskal Autonomia Erkidegoan enpleguaren konpetentzia LANBIDEren eskumena dela badakigu, baina gutxi sakondu izan ohi dugu honek eskaintzen dizkigun baliabideetan. Saio honetan, Lanbideko bi teknikari profesionalek, zerbitzua azalduko digute: zer den eta nola osatzen den, baita LANBIDEK eskaintzen dituen zerbitzuak zein diren ere. Honez gain, lan bilaketarako erremintak zein diren aurkeztuko digute. Ez galdu aukera! Sabemos [&hellip;]\" \/>\n<meta property=\"og:url\" content=\"https:\/\/batzen.eus\/es\/actividades\/lanbide-ezagutzeko-tailerra_taller-para-conocer-lanbide\/\" \/>\n<meta property=\"og:site_name\" content=\"Batzen\" \/>\n<meta property=\"article:modified_time\" content=\"2025-01-15T15:17:19+00:00\" \/>\n<meta property=\"og:image\" content=\"https:\/\/batzen.eus\/wp-content\/uploads\/2025\/01\/Lanbide-logo-horizontal.png\" \/>\n\t<meta property=\"og:image:width\" content=\"3326\" \/>\n\t<meta property=\"og:image:height\" content=\"2396\" \/>\n\t<meta property=\"og:image:type\" content=\"image\/png\" \/>\n<meta name=\"twitter:card\" content=\"summary_large_image\" \/>\n<meta name=\"twitter:label1\" content=\"Tiempo de lectura\" \/>\n\t<meta name=\"twitter:data1\" content=\"1 minuto\" \/>\n<script type=\"application\/ld+json\" class=\"yoast-schema-graph\">{\"@context\":\"https:\/\/schema.org\",\"@graph\":[{\"@type\":\"WebPage\",\"@id\":\"https:\/\/batzen.eus\/es\/actividades\/lanbide-ezagutzeko-tailerra_taller-para-conocer-lanbide\/\",\"url\":\"https:\/\/batzen.eus\/es\/actividades\/lanbide-ezagutzeko-tailerra_taller-para-conocer-lanbide\/\",\"name\":\"LANBIDE ezagutzeko tailerra_taller para conocer LANBIDE - Batzen\",\"isPartOf\":{\"@id\":\"https:\/\/batzen.eus\/es\/#website\"},\"primaryImageOfPage\":{\"@id\":\"https:\/\/batzen.eus\/es\/actividades\/lanbide-ezagutzeko-tailerra_taller-para-conocer-lanbide\/#primaryimage\"},\"image\":{\"@id\":\"https:\/\/batzen.eus\/es\/actividades\/lanbide-ezagutzeko-tailerra_taller-para-conocer-lanbide\/#primaryimage\"},\"thumbnailUrl\":\"https:\/\/batzen.eus\/wp-content\/uploads\/2025\/01\/Lanbide-logo-horizontal.png\",\"datePublished\":\"2025-01-15T15:13:56+00:00\",\"dateModified\":\"2025-01-15T15:17:19+00:00\",\"breadcrumb\":{\"@id\":\"https:\/\/batzen.eus\/es\/actividades\/lanbide-ezagutzeko-tailerra_taller-para-conocer-lanbide\/#breadcrumb\"},\"inLanguage\":\"es\",\"potentialAction\":[{\"@type\":\"ReadAction\",\"target\":[\"https:\/\/batzen.eus\/es\/actividades\/lanbide-ezagutzeko-tailerra_taller-para-conocer-lanbide\/\"]}]},{\"@type\":\"ImageObject\",\"inLanguage\":\"es\",\"@id\":\"https:\/\/batzen.eus\/es\/actividades\/lanbide-ezagutzeko-tailerra_taller-para-conocer-lanbide\/#primaryimage\",\"url\":\"https:\/\/batzen.eus\/wp-content\/uploads\/2025\/01\/Lanbide-logo-horizontal.png\",\"contentUrl\":\"https:\/\/batzen.eus\/wp-content\/uploads\/2025\/01\/Lanbide-logo-horizontal.png\",\"width\":3326,\"height\":2396},{\"@type\":\"BreadcrumbList\",\"@id\":\"https:\/\/batzen.eus\/es\/actividades\/lanbide-ezagutzeko-tailerra_taller-para-conocer-lanbide\/#breadcrumb\",\"itemListElement\":[{\"@type\":\"ListItem\",\"position\":1,\"name\":\"Home\",\"item\":\"https:\/\/batzen.eus\/es\/\"},{\"@type\":\"ListItem\",\"position\":2,\"name\":\"LANBIDE ezagutzeko tailerra_taller para conocer LANBIDE\"}]},{\"@type\":\"WebSite\",\"@id\":\"https:\/\/batzen.eus\/es\/#website\",\"url\":\"https:\/\/batzen.eus\/es\/\",\"name\":\"Batzen\",\"description\":\"Gazteak Enpleguratzeko Harrera Sistema\",\"publisher\":{\"@id\":\"https:\/\/batzen.eus\/es\/#organization\"},\"potentialAction\":[{\"@type\":\"SearchAction\",\"target\":{\"@type\":\"EntryPoint\",\"urlTemplate\":\"https:\/\/batzen.eus\/es\/?s={search_term_string}\"},\"query-input\":{\"@type\":\"PropertyValueSpecification\",\"valueRequired\":true,\"valueName\":\"search_term_string\"}}],\"inLanguage\":\"es\"},{\"@type\":\"Organization\",\"@id\":\"https:\/\/batzen.eus\/es\/#organization\",\"name\":\"Batzen\",\"url\":\"https:\/\/batzen.eus\/es\/\",\"logo\":{\"@type\":\"ImageObject\",\"inLanguage\":\"es\",\"@id\":\"https:\/\/batzen.eus\/es\/#\/schema\/logo\/image\/\",\"url\":\"https:\/\/batzen.eus\/wp-content\/uploads\/2021\/09\/Batzen-H-testuarekin-Kolore.png\",\"contentUrl\":\"https:\/\/batzen.eus\/wp-content\/uploads\/2021\/09\/Batzen-H-testuarekin-Kolore.png\",\"width\":1134,\"height\":386,\"caption\":\"Batzen\"},\"image\":{\"@id\":\"https:\/\/batzen.eus\/es\/#\/schema\/logo\/image\/\"}}]}<\/script>\n<!-- \/ Yoast SEO plugin. -->","yoast_head_json":{"title":"LANBIDE ezagutzeko tailerra_taller para conocer LANBIDE - Batzen","robots":{"index":"index","follow":"follow","max-snippet":"max-snippet:-1","max-image-preview":"max-image-preview:large","max-video-preview":"max-video-preview:-1"},"canonical":"https:\/\/batzen.eus\/es\/actividades\/lanbide-ezagutzeko-tailerra_taller-para-conocer-lanbide\/","og_locale":"es_ES","og_type":"article","og_title":"LANBIDE ezagutzeko tailerra_taller para conocer LANBIDE - Batzen","og_description":"Euskal Autonomia Erkidegoan enpleguaren konpetentzia LANBIDEren eskumena dela badakigu, baina gutxi sakondu izan ohi dugu honek eskaintzen dizkigun baliabideetan. Saio honetan, Lanbideko bi teknikari profesionalek, zerbitzua azalduko digute: zer den eta nola osatzen den, baita LANBIDEK eskaintzen dituen zerbitzuak zein diren ere. Honez gain, lan bilaketarako erremintak zein diren aurkeztuko digute. Ez galdu aukera! Sabemos [&hellip;]","og_url":"https:\/\/batzen.eus\/es\/actividades\/lanbide-ezagutzeko-tailerra_taller-para-conocer-lanbide\/","og_site_name":"Batzen","article_modified_time":"2025-01-15T15:17:19+00:00","og_image":[{"width":3326,"height":2396,"url":"https:\/\/batzen.eus\/wp-content\/uploads\/2025\/01\/Lanbide-logo-horizontal.png","type":"image\/png"}],"twitter_card":"summary_large_image","twitter_misc":{"Tiempo de lectura":"1 minuto"},"schema":{"@context":"https:\/\/schema.org","@graph":[{"@type":"WebPage","@id":"https:\/\/batzen.eus\/es\/actividades\/lanbide-ezagutzeko-tailerra_taller-para-conocer-lanbide\/","url":"https:\/\/batzen.eus\/es\/actividades\/lanbide-ezagutzeko-tailerra_taller-para-conocer-lanbide\/","name":"LANBIDE ezagutzeko tailerra_taller para conocer LANBIDE - Batzen","isPartOf":{"@id":"https:\/\/batzen.eus\/es\/#website"},"primaryImageOfPage":{"@id":"https:\/\/batzen.eus\/es\/actividades\/lanbide-ezagutzeko-tailerra_taller-para-conocer-lanbide\/#primaryimage"},"image":{"@id":"https:\/\/batzen.eus\/es\/actividades\/lanbide-ezagutzeko-tailerra_taller-para-conocer-lanbide\/#primaryimage"},"thumbnailUrl":"https:\/\/batzen.eus\/wp-content\/uploads\/2025\/01\/Lanbide-logo-horizontal.png","datePublished":"2025-01-15T15:13:56+00:00","dateModified":"2025-01-15T15:17:19+00:00","breadcrumb":{"@id":"https:\/\/batzen.eus\/es\/actividades\/lanbide-ezagutzeko-tailerra_taller-para-conocer-lanbide\/#breadcrumb"},"inLanguage":"es","potentialAction":[{"@type":"ReadAction","target":["https:\/\/batzen.eus\/es\/actividades\/lanbide-ezagutzeko-tailerra_taller-para-conocer-lanbide\/"]}]},{"@type":"ImageObject","inLanguage":"es","@id":"https:\/\/batzen.eus\/es\/actividades\/lanbide-ezagutzeko-tailerra_taller-para-conocer-lanbide\/#primaryimage","url":"https:\/\/batzen.eus\/wp-content\/uploads\/2025\/01\/Lanbide-logo-horizontal.png","contentUrl":"https:\/\/batzen.eus\/wp-content\/uploads\/2025\/01\/Lanbide-logo-horizontal.png","width":3326,"height":2396},{"@type":"BreadcrumbList","@id":"https:\/\/batzen.eus\/es\/actividades\/lanbide-ezagutzeko-tailerra_taller-para-conocer-lanbide\/#breadcrumb","itemListElement":[{"@type":"ListItem","position":1,"name":"Home","item":"https:\/\/batzen.eus\/es\/"},{"@type":"ListItem","position":2,"name":"LANBIDE ezagutzeko tailerra_taller para conocer LANBIDE"}]},{"@type":"WebSite","@id":"https:\/\/batzen.eus\/es\/#website","url":"https:\/\/batzen.eus\/es\/","name":"Batzen","description":"Gazteak Enpleguratzeko Harrera Sistema","publisher":{"@id":"https:\/\/batzen.eus\/es\/#organization"},"potentialAction":[{"@type":"SearchAction","target":{"@type":"EntryPoint","urlTemplate":"https:\/\/batzen.eus\/es\/?s={search_term_string}"},"query-input":{"@type":"PropertyValueSpecification","valueRequired":true,"valueName":"search_term_string"}}],"inLanguage":"es"},{"@type":"Organization","@id":"https:\/\/batzen.eus\/es\/#organization","name":"Batzen","url":"https:\/\/batzen.eus\/es\/","logo":{"@type":"ImageObject","inLanguage":"es","@id":"https:\/\/batzen.eus\/es\/#\/schema\/logo\/image\/","url":"https:\/\/batzen.eus\/wp-content\/uploads\/2021\/09\/Batzen-H-testuarekin-Kolore.png","contentUrl":"https:\/\/batzen.eus\/wp-content\/uploads\/2021\/09\/Batzen-H-testuarekin-Kolore.png","width":1134,"height":386,"caption":"Batzen"},"image":{"@id":"https:\/\/batzen.eus\/es\/#\/schema\/logo\/image\/"}}]}},"_links":{"self":[{"href":"https:\/\/batzen.eus\/es\/wp-json\/wp\/v2\/mec-events\/1577","targetHints":{"allow":["GET"]}}],"collection":[{"href":"https:\/\/batzen.eus\/es\/wp-json\/wp\/v2\/mec-events"}],"about":[{"href":"https:\/\/batzen.eus\/es\/wp-json\/wp\/v2\/types\/mec-events"}],"author":[{"embeddable":true,"href":"https:\/\/batzen.eus\/es\/wp-json\/wp\/v2\/users\/2"}],"replies":[{"embeddable":true,"href":"https:\/\/batzen.eus\/es\/wp-json\/wp\/v2\/comments?post=1577"}],"wp:featuredmedia":[{"embeddable":true,"href":"https:\/\/batzen.eus\/es\/wp-json\/wp\/v2\/media\/1578"}],"wp:attachment":[{"href":"https:\/\/batzen.eus\/es\/wp-json\/wp\/v2\/media?parent=1577"}],"wp:term":[{"taxonomy":"post_tag","embeddable":true,"href":"https:\/\/batzen.eus\/es\/wp-json\/wp\/v2\/tags?post=1577"},{"taxonomy":"mec_category","embeddable":true,"href":"https:\/\/batzen.eus\/es\/wp-json\/wp\/v2\/mec_category?post=1577"}],"curies":[{"name":"wp","href":"https:\/\/api.w.org\/{rel}","templated":true}]}}