{"id":1564,"date":"2025-01-07T12:11:16","date_gmt":"2025-01-07T11:11:16","guid":{"rendered":"https:\/\/batzen.eus\/?post_type=mec-events&#038;p=1564"},"modified":"2025-01-07T12:14:01","modified_gmt":"2025-01-07T11:14:01","slug":"grupo-gorla-enpresara-bisita-toyota-tailerra_visita-a-la-empresa-grupo-gorla-taller-toyota-995","status":"publish","type":"mec-events","link":"https:\/\/batzen.eus\/es\/actividades\/grupo-gorla-enpresara-bisita-toyota-tailerra_visita-a-la-empresa-grupo-gorla-taller-toyota-995\/","title":{"rendered":"Grupo Gorla KARROZERIA tailerra_Taller CARROCER\u00cdA Grupo Gorla"},"content":{"rendered":"<div class=\"vc_row wpb_row vc_row-fluid vc_custom_1600882096598\">\n<div class=\"wpb_column vc_column_container vc_col-sm-6\">\n<div class=\"vc_column-inner\">\n<div class=\"wpb_wrapper\">\n<div class=\"wpb_text_column wpb_content_element \">\n<div class=\"wpb_wrapper\">\n<p>[EUS]<\/p>\n<div id=\"translation_text\">\n<div class=\"jumbotron-text\">\n<div class=\"row\">\n<div class=\"col-md-12 col-xs-12\">\n<p>Gorla Auto Group 1950ean sortu zen, Elgoibarko askotariko konponketa mekanikoko tailer batean. 1970etik gaur egunera arte, bilakaera nabarmena izan du, eta gaur egun 12 marka desberdin ditu; 10 zentro ditu Gipuzkoan, Bizkaian eta Araban, 4 karrozeriarekin eta 235 profesionaleko talde batekin.<\/p>\n<p>Gorla Auto Groupek 12 marka\/fabrikatzaile ordezkatzen ditu gaur egun.<\/p>\n<p>Azaroan Toyota tailerra bisitatu genuen, mekanizatuaren arloa ezagutuz; enpresara bisita honetan, <strong>Belartzako KARROZERIA tailerra bisitatuko dugu.<\/strong><\/p>\n<\/div>\n<\/div>\n<\/div>\n<\/div>\n<p>[CAS]<\/p>\n<p>Gorla Auto Group tiene su origen en 1950 en un taller de reparaci\u00f3n mec\u00e1nica multimarca en Elgoibar. Desde 1970 hasta hoy en d\u00eda, ha evolucionado significativamente y hoy en d\u00eda representa 12 marcas diferentes, dispone de <strong>10 centros distribuidos entre Gipuzkoa, Bizkaia y Araba<\/strong> con 4 carrocer\u00edas y un equipo de 235 profesionales.<\/p>\n<div class=\"vc_row wpb_row vc_row-fluid vc_custom_1600882096598\">\n<div class=\"wpb_column vc_column_container vc_col-sm-6\">\n<div class=\"vc_column-inner\">\n<div class=\"wpb_wrapper\">\n<div class=\"wpb_text_column wpb_content_element \">\n<div class=\"wpb_wrapper\">\n<p><b>Gorla Auto Group<\/b> representa actualmente 12 marcas\/fabricantes.<\/p>\n<p>En noviembre visitamos el taller de Toyota donde vimos el trabajo de mecanizado; en esta visita, visitaremos en concreto el <strong>taller de CARROCER\u00cdA, en Belartza.\u00a0<\/strong><\/p>\n\n<div class=\"wpcf7 no-js\" id=\"wpcf7-f1565-o1\" lang=\"eu-ES\" dir=\"ltr\" data-wpcf7-id=\"1565\">\n<div class=\"screen-reader-response\"><p role=\"status\" aria-live=\"polite\" aria-atomic=\"true\"><\/p> <ul><\/ul><\/div>\n<form action=\"\/es\/wp-json\/wp\/v2\/mec-events\/1564#wpcf7-f1565-o1\" method=\"post\" class=\"wpcf7-form init\" aria-label=\"Formulario de contacto\" novalidate=\"novalidate\" data-status=\"init\">\n<fieldset class=\"hidden-fields-container\"><input type=\"hidden\" name=\"_wpcf7\" value=\"1565\" \/><input type=\"hidden\" name=\"_wpcf7_version\" value=\"6.1.5\" \/><input type=\"hidden\" name=\"_wpcf7_locale\" value=\"eu_ES\" \/><input type=\"hidden\" name=\"_wpcf7_unit_tag\" value=\"wpcf7-f1565-o1\" \/><input type=\"hidden\" name=\"_wpcf7_container_post\" value=\"0\" \/><input type=\"hidden\" name=\"_wpcf7_posted_data_hash\" value=\"\" \/>\n<\/fieldset>\n<p><span class=\"wpcf7-form-control-wrap\" data-name=\"Gaztearenizen-abizenak\"><input size=\"40\" maxlength=\"400\" class=\"wpcf7-form-control wpcf7-text wpcf7-validates-as-required\" aria-required=\"true\" aria-invalid=\"false\" placeholder=\"Gaztearen izen-abizenak\" value=\"\" type=\"text\" name=\"Gaztearenizen-abizenak\" \/><\/span>\n<\/p>\n<p><span class=\"wpcf7-form-control-wrap\" data-name=\"errekurtsoaentitatea\"><input size=\"40\" maxlength=\"400\" class=\"wpcf7-form-control wpcf7-text wpcf7-validates-as-required\" aria-required=\"true\" aria-invalid=\"false\" placeholder=\"Errekurtsoa\/Entitatea\" value=\"\" type=\"text\" name=\"errekurtsoaentitatea\" \/><\/span>\n<\/p>\n<p><span class=\"wpcf7-form-control-wrap\" data-name=\"Gaztearentelefonozenbakia\"><input size=\"40\" maxlength=\"400\" class=\"wpcf7-form-control wpcf7-tel wpcf7-validates-as-required wpcf7-text wpcf7-validates-as-tel\" aria-required=\"true\" aria-invalid=\"false\" placeholder=\"Gaztearen telefono zenbakia\" value=\"\" type=\"tel\" name=\"Gaztearentelefonozenbakia\" \/><\/span>\n<\/p>\n<p><span class=\"wpcf7-form-control-wrap\" data-name=\"Gaztearenpostaelektronikokohelbidea\"><input size=\"40\" maxlength=\"400\" class=\"wpcf7-form-control wpcf7-email wpcf7-validates-as-required wpcf7-text wpcf7-validates-as-email\" aria-required=\"true\" aria-invalid=\"false\" placeholder=\"Gaztearen posta elektronikoko helbidea\" value=\"\" type=\"email\" name=\"Gaztearenpostaelektronikokohelbidea\" \/><\/span>\n<\/p>\n<p><span class=\"wpcf7-form-control-wrap\" data-name=\"onartzen\"><span class=\"wpcf7-form-control wpcf7-acceptance\"><span class=\"wpcf7-list-item\"><input type=\"checkbox\" name=\"onartzen\" value=\"1\" id=\"onartzen\" aria-invalid=\"false\" \/><\/span><\/span><\/span><a href=\"https:\/\/batzen.eus\/ohar-legala\/\" target=\"_blank\">Lege Oharra<\/a> eta <a href=\"https:\/\/batzen.eus\/pribatutasun-politika\/\" target=\"_blank\">Pribatutasun Politika<\/a> irakurri eta onartzen ditut\n<\/p>\n<p><span class=\"wpcf7-form-control-wrap\" data-name=\"hcap-cf7\">\t\t<input\n\t\t\t\ttype=\"hidden\"\n\t\t\t\tclass=\"hcaptcha-widget-id\"\n\t\t\t\tname=\"hcaptcha-widget-id\"\n\t\t\t\tvalue=\"eyJzb3VyY2UiOlsiY29udGFjdC1mb3JtLTdcL3dwLWNvbnRhY3QtZm9ybS03LnBocCJdLCJmb3JtX2lkIjowfQ==-a32b202c1687f58ecdefed98e025fcbe\">\n\t\t\t\t<span id=\"hcap_cf7-69f5c3404a2672.34569268\" class=\"wpcf7-form-control h-captcha \"\n\t\t\tdata-sitekey=\"82a68a69-60f8-41ff-8c5c-c801782a452c\"\n\t\t\tdata-theme=\"light\"\n\t\t\tdata-size=\"normal\"\n\t\t\tdata-auto=\"false\"\n\t\t\tdata-ajax=\"false\"\n\t\t\tdata-force=\"false\">\n\t\t<\/span>\n\t\t<input type=\"hidden\" id=\"_wpnonce\" name=\"_wpnonce\" value=\"2c5c21838d\" \/><input type=\"hidden\" name=\"_wp_http_referer\" value=\"\/es\/wp-json\/wp\/v2\/mec-events\/1564\" \/><\/span><input class=\"wpcf7-form-control wpcf7-submit has-spinner\" type=\"submit\" value=\"Bidali\" \/>\n<\/p><div class=\"wpcf7-response-output\" aria-hidden=\"true\"><\/div>\n<\/form>\n<\/div>\n\n<\/div>\n<\/div>\n<\/div>\n<\/div>\n<\/div>\n<\/div>\n<\/div>\n<\/div>\n<\/div>\n<\/div>\n<\/div>\n<\/div>\n","protected":false},"excerpt":{"rendered":"<p>[EUS] Gorla Auto Group 1950ean sortu zen, Elgoibarko askotariko konponketa mekanikoko tailer batean. 1970etik gaur egunera arte, bilakaera nabarmena izan du, eta gaur egun 12 marka desberdin ditu; 10 zentro ditu Gipuzkoan, Bizkaian eta Araban, 4 karrozeriarekin eta 235 profesionaleko talde batekin. Gorla Auto Groupek 12 marka\/fabrikatzaile ordezkatzen ditu gaur egun. Azaroan Toyota tailerra bisitatu [&hellip;]<\/p>\n","protected":false},"author":2,"featured_media":1566,"comment_status":"closed","ping_status":"closed","template":"","meta":{"_acf_changed":false,"site-sidebar-layout":"default","site-content-layout":"","ast-site-content-layout":"default","site-content-style":"default","site-sidebar-style":"default","ast-global-header-display":"","ast-banner-title-visibility":"","ast-main-header-display":"","ast-hfb-above-header-display":"","ast-hfb-below-header-display":"","ast-hfb-mobile-header-display":"","site-post-title":"","ast-breadcrumbs-content":"","ast-featured-img":"","footer-sml-layout":"","ast-disable-related-posts":"","theme-transparent-header-meta":"default","adv-header-id-meta":"","stick-header-meta":"default","header-above-stick-meta":"","header-main-stick-meta":"","header-below-stick-meta":"","astra-migrate-meta-layouts":"set","ast-page-background-enabled":"default","ast-page-background-meta":{"desktop":{"background-color":"","background-image":"","background-repeat":"repeat","background-position":"center center","background-size":"auto","background-attachment":"scroll","background-type":"","background-media":"","overlay-type":"","overlay-color":"","overlay-opacity":"","overlay-gradient":""},"tablet":{"background-color":"","background-image":"","background-repeat":"repeat","background-position":"center center","background-size":"auto","background-attachment":"scroll","background-type":"","background-media":"","overlay-type":"","overlay-color":"","overlay-opacity":"","overlay-gradient":""},"mobile":{"background-color":"","background-image":"","background-repeat":"repeat","background-position":"center center","background-size":"auto","background-attachment":"scroll","background-type":"","background-media":"","overlay-type":"","overlay-color":"","overlay-opacity":"","overlay-gradient":""}},"ast-content-background-meta":{"desktop":{"background-color":"var(--ast-global-color-5)","background-image":"","background-repeat":"repeat","background-position":"center center","background-size":"auto","background-attachment":"scroll","background-type":"","background-media":"","overlay-type":"","overlay-color":"","overlay-opacity":"","overlay-gradient":""},"tablet":{"background-color":"var(--ast-global-color-5)","background-image":"","background-repeat":"repeat","background-position":"center center","background-size":"auto","background-attachment":"scroll","background-type":"","background-media":"","overlay-type":"","overlay-color":"","overlay-opacity":"","overlay-gradient":""},"mobile":{"background-color":"var(--ast-global-color-5)","background-image":"","background-repeat":"repeat","background-position":"center center","background-size":"auto","background-attachment":"scroll","background-type":"","background-media":"","overlay-type":"","overlay-color":"","overlay-opacity":"","overlay-gradient":""}}},"tags":[],"mec_category":[21],"class_list":["post-1564","mec-events","type-mec-events","status-publish","has-post-thumbnail","hentry","mec_category-bisitak"],"acf":[],"yoast_head":"<!-- This site is optimized with the Yoast SEO plugin v27.1.1 - https:\/\/yoast.com\/product\/yoast-seo-wordpress\/ -->\n<title>Grupo Gorla KARROZERIA tailerra_Taller CARROCER\u00cdA Grupo Gorla - Batzen<\/title>\n<meta name=\"robots\" content=\"index, follow, max-snippet:-1, max-image-preview:large, max-video-preview:-1\" \/>\n<link rel=\"canonical\" href=\"https:\/\/batzen.eus\/es\/actividades\/grupo-gorla-enpresara-bisita-toyota-tailerra_visita-a-la-empresa-grupo-gorla-taller-toyota-995\/\" \/>\n<meta property=\"og:locale\" content=\"es_ES\" \/>\n<meta property=\"og:type\" content=\"article\" \/>\n<meta property=\"og:title\" content=\"Grupo Gorla KARROZERIA tailerra_Taller CARROCER\u00cdA Grupo Gorla - Batzen\" \/>\n<meta property=\"og:description\" content=\"[EUS] Gorla Auto Group 1950ean sortu zen, Elgoibarko askotariko konponketa mekanikoko tailer batean. 1970etik gaur egunera arte, bilakaera nabarmena izan du, eta gaur egun 12 marka desberdin ditu; 10 zentro ditu Gipuzkoan, Bizkaian eta Araban, 4 karrozeriarekin eta 235 profesionaleko talde batekin. Gorla Auto Groupek 12 marka\/fabrikatzaile ordezkatzen ditu gaur egun. Azaroan Toyota tailerra bisitatu [&hellip;]\" \/>\n<meta property=\"og:url\" content=\"https:\/\/batzen.eus\/es\/actividades\/grupo-gorla-enpresara-bisita-toyota-tailerra_visita-a-la-empresa-grupo-gorla-taller-toyota-995\/\" \/>\n<meta property=\"og:site_name\" content=\"Batzen\" \/>\n<meta property=\"article:modified_time\" content=\"2025-01-07T11:14:01+00:00\" \/>\n<meta property=\"og:image\" content=\"https:\/\/batzen.eus\/wp-content\/uploads\/2025\/01\/carroceria.jpg\" \/>\n\t<meta property=\"og:image:width\" content=\"800\" \/>\n\t<meta property=\"og:image:height\" content=\"500\" \/>\n\t<meta property=\"og:image:type\" content=\"image\/jpeg\" \/>\n<meta name=\"twitter:card\" content=\"summary_large_image\" \/>\n<meta name=\"twitter:label1\" content=\"Tiempo de lectura\" \/>\n\t<meta name=\"twitter:data1\" content=\"2 minutos\" \/>\n<script type=\"application\/ld+json\" class=\"yoast-schema-graph\">{\"@context\":\"https:\/\/schema.org\",\"@graph\":[{\"@type\":\"WebPage\",\"@id\":\"https:\/\/batzen.eus\/es\/actividades\/grupo-gorla-enpresara-bisita-toyota-tailerra_visita-a-la-empresa-grupo-gorla-taller-toyota-995\/\",\"url\":\"https:\/\/batzen.eus\/es\/actividades\/grupo-gorla-enpresara-bisita-toyota-tailerra_visita-a-la-empresa-grupo-gorla-taller-toyota-995\/\",\"name\":\"Grupo Gorla KARROZERIA tailerra_Taller CARROCER\u00cdA Grupo Gorla - Batzen\",\"isPartOf\":{\"@id\":\"https:\/\/batzen.eus\/es\/#website\"},\"primaryImageOfPage\":{\"@id\":\"https:\/\/batzen.eus\/es\/actividades\/grupo-gorla-enpresara-bisita-toyota-tailerra_visita-a-la-empresa-grupo-gorla-taller-toyota-995\/#primaryimage\"},\"image\":{\"@id\":\"https:\/\/batzen.eus\/es\/actividades\/grupo-gorla-enpresara-bisita-toyota-tailerra_visita-a-la-empresa-grupo-gorla-taller-toyota-995\/#primaryimage\"},\"thumbnailUrl\":\"https:\/\/batzen.eus\/wp-content\/uploads\/2025\/01\/carroceria.jpg\",\"datePublished\":\"2025-01-07T11:11:16+00:00\",\"dateModified\":\"2025-01-07T11:14:01+00:00\",\"breadcrumb\":{\"@id\":\"https:\/\/batzen.eus\/es\/actividades\/grupo-gorla-enpresara-bisita-toyota-tailerra_visita-a-la-empresa-grupo-gorla-taller-toyota-995\/#breadcrumb\"},\"inLanguage\":\"es\",\"potentialAction\":[{\"@type\":\"ReadAction\",\"target\":[\"https:\/\/batzen.eus\/es\/actividades\/grupo-gorla-enpresara-bisita-toyota-tailerra_visita-a-la-empresa-grupo-gorla-taller-toyota-995\/\"]}]},{\"@type\":\"ImageObject\",\"inLanguage\":\"es\",\"@id\":\"https:\/\/batzen.eus\/es\/actividades\/grupo-gorla-enpresara-bisita-toyota-tailerra_visita-a-la-empresa-grupo-gorla-taller-toyota-995\/#primaryimage\",\"url\":\"https:\/\/batzen.eus\/wp-content\/uploads\/2025\/01\/carroceria.jpg\",\"contentUrl\":\"https:\/\/batzen.eus\/wp-content\/uploads\/2025\/01\/carroceria.jpg\",\"width\":800,\"height\":500},{\"@type\":\"BreadcrumbList\",\"@id\":\"https:\/\/batzen.eus\/es\/actividades\/grupo-gorla-enpresara-bisita-toyota-tailerra_visita-a-la-empresa-grupo-gorla-taller-toyota-995\/#breadcrumb\",\"itemListElement\":[{\"@type\":\"ListItem\",\"position\":1,\"name\":\"Home\",\"item\":\"https:\/\/batzen.eus\/es\/\"},{\"@type\":\"ListItem\",\"position\":2,\"name\":\"Grupo Gorla KARROZERIA tailerra_Taller CARROCER\u00cdA Grupo Gorla\"}]},{\"@type\":\"WebSite\",\"@id\":\"https:\/\/batzen.eus\/es\/#website\",\"url\":\"https:\/\/batzen.eus\/es\/\",\"name\":\"Batzen\",\"description\":\"Gazteak Enpleguratzeko Harrera Sistema\",\"publisher\":{\"@id\":\"https:\/\/batzen.eus\/es\/#organization\"},\"potentialAction\":[{\"@type\":\"SearchAction\",\"target\":{\"@type\":\"EntryPoint\",\"urlTemplate\":\"https:\/\/batzen.eus\/es\/?s={search_term_string}\"},\"query-input\":{\"@type\":\"PropertyValueSpecification\",\"valueRequired\":true,\"valueName\":\"search_term_string\"}}],\"inLanguage\":\"es\"},{\"@type\":\"Organization\",\"@id\":\"https:\/\/batzen.eus\/es\/#organization\",\"name\":\"Batzen\",\"url\":\"https:\/\/batzen.eus\/es\/\",\"logo\":{\"@type\":\"ImageObject\",\"inLanguage\":\"es\",\"@id\":\"https:\/\/batzen.eus\/es\/#\/schema\/logo\/image\/\",\"url\":\"https:\/\/batzen.eus\/wp-content\/uploads\/2021\/09\/Batzen-H-testuarekin-Kolore.png\",\"contentUrl\":\"https:\/\/batzen.eus\/wp-content\/uploads\/2021\/09\/Batzen-H-testuarekin-Kolore.png\",\"width\":1134,\"height\":386,\"caption\":\"Batzen\"},\"image\":{\"@id\":\"https:\/\/batzen.eus\/es\/#\/schema\/logo\/image\/\"}}]}<\/script>\n<!-- \/ Yoast SEO plugin. -->","yoast_head_json":{"title":"Grupo Gorla KARROZERIA tailerra_Taller CARROCER\u00cdA Grupo Gorla - Batzen","robots":{"index":"index","follow":"follow","max-snippet":"max-snippet:-1","max-image-preview":"max-image-preview:large","max-video-preview":"max-video-preview:-1"},"canonical":"https:\/\/batzen.eus\/es\/actividades\/grupo-gorla-enpresara-bisita-toyota-tailerra_visita-a-la-empresa-grupo-gorla-taller-toyota-995\/","og_locale":"es_ES","og_type":"article","og_title":"Grupo Gorla KARROZERIA tailerra_Taller CARROCER\u00cdA Grupo Gorla - Batzen","og_description":"[EUS] Gorla Auto Group 1950ean sortu zen, Elgoibarko askotariko konponketa mekanikoko tailer batean. 1970etik gaur egunera arte, bilakaera nabarmena izan du, eta gaur egun 12 marka desberdin ditu; 10 zentro ditu Gipuzkoan, Bizkaian eta Araban, 4 karrozeriarekin eta 235 profesionaleko talde batekin. Gorla Auto Groupek 12 marka\/fabrikatzaile ordezkatzen ditu gaur egun. Azaroan Toyota tailerra bisitatu [&hellip;]","og_url":"https:\/\/batzen.eus\/es\/actividades\/grupo-gorla-enpresara-bisita-toyota-tailerra_visita-a-la-empresa-grupo-gorla-taller-toyota-995\/","og_site_name":"Batzen","article_modified_time":"2025-01-07T11:14:01+00:00","og_image":[{"width":800,"height":500,"url":"https:\/\/batzen.eus\/wp-content\/uploads\/2025\/01\/carroceria.jpg","type":"image\/jpeg"}],"twitter_card":"summary_large_image","twitter_misc":{"Tiempo de lectura":"2 minutos"},"schema":{"@context":"https:\/\/schema.org","@graph":[{"@type":"WebPage","@id":"https:\/\/batzen.eus\/es\/actividades\/grupo-gorla-enpresara-bisita-toyota-tailerra_visita-a-la-empresa-grupo-gorla-taller-toyota-995\/","url":"https:\/\/batzen.eus\/es\/actividades\/grupo-gorla-enpresara-bisita-toyota-tailerra_visita-a-la-empresa-grupo-gorla-taller-toyota-995\/","name":"Grupo Gorla KARROZERIA tailerra_Taller CARROCER\u00cdA Grupo Gorla - Batzen","isPartOf":{"@id":"https:\/\/batzen.eus\/es\/#website"},"primaryImageOfPage":{"@id":"https:\/\/batzen.eus\/es\/actividades\/grupo-gorla-enpresara-bisita-toyota-tailerra_visita-a-la-empresa-grupo-gorla-taller-toyota-995\/#primaryimage"},"image":{"@id":"https:\/\/batzen.eus\/es\/actividades\/grupo-gorla-enpresara-bisita-toyota-tailerra_visita-a-la-empresa-grupo-gorla-taller-toyota-995\/#primaryimage"},"thumbnailUrl":"https:\/\/batzen.eus\/wp-content\/uploads\/2025\/01\/carroceria.jpg","datePublished":"2025-01-07T11:11:16+00:00","dateModified":"2025-01-07T11:14:01+00:00","breadcrumb":{"@id":"https:\/\/batzen.eus\/es\/actividades\/grupo-gorla-enpresara-bisita-toyota-tailerra_visita-a-la-empresa-grupo-gorla-taller-toyota-995\/#breadcrumb"},"inLanguage":"es","potentialAction":[{"@type":"ReadAction","target":["https:\/\/batzen.eus\/es\/actividades\/grupo-gorla-enpresara-bisita-toyota-tailerra_visita-a-la-empresa-grupo-gorla-taller-toyota-995\/"]}]},{"@type":"ImageObject","inLanguage":"es","@id":"https:\/\/batzen.eus\/es\/actividades\/grupo-gorla-enpresara-bisita-toyota-tailerra_visita-a-la-empresa-grupo-gorla-taller-toyota-995\/#primaryimage","url":"https:\/\/batzen.eus\/wp-content\/uploads\/2025\/01\/carroceria.jpg","contentUrl":"https:\/\/batzen.eus\/wp-content\/uploads\/2025\/01\/carroceria.jpg","width":800,"height":500},{"@type":"BreadcrumbList","@id":"https:\/\/batzen.eus\/es\/actividades\/grupo-gorla-enpresara-bisita-toyota-tailerra_visita-a-la-empresa-grupo-gorla-taller-toyota-995\/#breadcrumb","itemListElement":[{"@type":"ListItem","position":1,"name":"Home","item":"https:\/\/batzen.eus\/es\/"},{"@type":"ListItem","position":2,"name":"Grupo Gorla KARROZERIA tailerra_Taller CARROCER\u00cdA Grupo Gorla"}]},{"@type":"WebSite","@id":"https:\/\/batzen.eus\/es\/#website","url":"https:\/\/batzen.eus\/es\/","name":"Batzen","description":"Gazteak Enpleguratzeko Harrera Sistema","publisher":{"@id":"https:\/\/batzen.eus\/es\/#organization"},"potentialAction":[{"@type":"SearchAction","target":{"@type":"EntryPoint","urlTemplate":"https:\/\/batzen.eus\/es\/?s={search_term_string}"},"query-input":{"@type":"PropertyValueSpecification","valueRequired":true,"valueName":"search_term_string"}}],"inLanguage":"es"},{"@type":"Organization","@id":"https:\/\/batzen.eus\/es\/#organization","name":"Batzen","url":"https:\/\/batzen.eus\/es\/","logo":{"@type":"ImageObject","inLanguage":"es","@id":"https:\/\/batzen.eus\/es\/#\/schema\/logo\/image\/","url":"https:\/\/batzen.eus\/wp-content\/uploads\/2021\/09\/Batzen-H-testuarekin-Kolore.png","contentUrl":"https:\/\/batzen.eus\/wp-content\/uploads\/2021\/09\/Batzen-H-testuarekin-Kolore.png","width":1134,"height":386,"caption":"Batzen"},"image":{"@id":"https:\/\/batzen.eus\/es\/#\/schema\/logo\/image\/"}}]}},"_links":{"self":[{"href":"https:\/\/batzen.eus\/es\/wp-json\/wp\/v2\/mec-events\/1564","targetHints":{"allow":["GET"]}}],"collection":[{"href":"https:\/\/batzen.eus\/es\/wp-json\/wp\/v2\/mec-events"}],"about":[{"href":"https:\/\/batzen.eus\/es\/wp-json\/wp\/v2\/types\/mec-events"}],"author":[{"embeddable":true,"href":"https:\/\/batzen.eus\/es\/wp-json\/wp\/v2\/users\/2"}],"replies":[{"embeddable":true,"href":"https:\/\/batzen.eus\/es\/wp-json\/wp\/v2\/comments?post=1564"}],"wp:featuredmedia":[{"embeddable":true,"href":"https:\/\/batzen.eus\/es\/wp-json\/wp\/v2\/media\/1566"}],"wp:attachment":[{"href":"https:\/\/batzen.eus\/es\/wp-json\/wp\/v2\/media?parent=1564"}],"wp:term":[{"taxonomy":"post_tag","embeddable":true,"href":"https:\/\/batzen.eus\/es\/wp-json\/wp\/v2\/tags?post=1564"},{"taxonomy":"mec_category","embeddable":true,"href":"https:\/\/batzen.eus\/es\/wp-json\/wp\/v2\/mec_category?post=1564"}],"curies":[{"name":"wp","href":"https:\/\/api.w.org\/{rel}","templated":true}]}}