{"id":1550,"date":"2024-11-25T16:53:42","date_gmt":"2024-11-25T15:53:42","guid":{"rendered":"https:\/\/batzen.eus\/?post_type=mec-events&#038;p=1550"},"modified":"2024-11-25T17:10:27","modified_gmt":"2024-11-25T16:10:27","slug":"atzerritartasun-legea-formakuntza_formacion-ley-de-extranjeria-2-202","status":"publish","type":"mec-events","link":"https:\/\/batzen.eus\/es\/actividades\/atzerritartasun-legea-formakuntza_formacion-ley-de-extranjeria-2-202\/","title":{"rendered":"Atzerritartasun legea FORMAKUNTZA_FORMACI\u00d3N ley de extranjer\u00eda"},"content":{"rendered":"<p>[EUS]<\/p>\n<p>BATZEN Gazteak Enpleguratzeko Harrera Sistemaren eskutik, Atzerritartasun Legearen inguruko eta bereziki erreforma berriaren inguruko doako formakuntza eskainiko dugu interesa duen profesionalentzat; Heziketa zentroetako langileak, hezitzaile edota integratzaileak, gazte migratuekin lan egiten duen edota gaiaren inguruan gehiago jakin nahi duen edonorentzat zuzenduta dago.<\/p>\n<p>&nbsp;<\/p>\n<p>[CAS]<\/p>\n<p>De la mano del Sistema de Acogida al Empleo Juvenil BATZEN, ofreceremos formaci\u00f3n gratuita sobre la Ley de Extranjer\u00eda para todas aquellas personas interesadas en el \u00e1mbito, haciendo hincapi\u00e9 especialmente en el nuevo reglamento; est\u00e1 dirigido a personal de centros formativos, equipos educativos, integradores\/as, toda aquella persona que trabaje con j\u00f3venes migrados\/as o que quiera profundizar en el tema.<\/p>\n<p>&nbsp;<\/p>\n<p>Bertan ikusiko garelakoan!<\/p>\n\n<div class=\"wpcf7 no-js\" id=\"wpcf7-f1554-o1\" lang=\"eu-ES\" dir=\"ltr\" data-wpcf7-id=\"1554\">\n<div class=\"screen-reader-response\"><p role=\"status\" aria-live=\"polite\" aria-atomic=\"true\"><\/p> <ul><\/ul><\/div>\n<form action=\"\/es\/wp-json\/wp\/v2\/mec-events\/1550#wpcf7-f1554-o1\" method=\"post\" class=\"wpcf7-form init\" aria-label=\"Formulario de contacto\" novalidate=\"novalidate\" data-status=\"init\">\n<fieldset class=\"hidden-fields-container\"><input type=\"hidden\" name=\"_wpcf7\" value=\"1554\" \/><input type=\"hidden\" name=\"_wpcf7_version\" value=\"6.1.5\" \/><input type=\"hidden\" name=\"_wpcf7_locale\" value=\"eu_ES\" \/><input type=\"hidden\" name=\"_wpcf7_unit_tag\" value=\"wpcf7-f1554-o1\" \/><input type=\"hidden\" name=\"_wpcf7_container_post\" value=\"0\" \/><input type=\"hidden\" name=\"_wpcf7_posted_data_hash\" value=\"\" \/>\n<\/fieldset>\n<p><span class=\"wpcf7-form-control-wrap\" data-name=\"Gaztearenizen-abizenak\"><input size=\"40\" maxlength=\"400\" class=\"wpcf7-form-control wpcf7-text wpcf7-validates-as-required\" aria-required=\"true\" aria-invalid=\"false\" placeholder=\"Izen-abizenak\" value=\"\" type=\"text\" name=\"Gaztearenizen-abizenak\" \/><\/span>\n<\/p>\n<p><span class=\"wpcf7-form-control-wrap\" data-name=\"errekurtsoaentitatea\"><input size=\"40\" maxlength=\"400\" class=\"wpcf7-form-control wpcf7-text wpcf7-validates-as-required\" aria-required=\"true\" aria-invalid=\"false\" placeholder=\"Errekurtsoa\/Entitatea\" value=\"\" type=\"text\" name=\"errekurtsoaentitatea\" \/><\/span>\n<\/p>\n<p><span class=\"wpcf7-form-control-wrap\" data-name=\"Gaztearentelefonozenbakia\"><input size=\"40\" maxlength=\"400\" class=\"wpcf7-form-control wpcf7-tel wpcf7-validates-as-required wpcf7-text wpcf7-validates-as-tel\" aria-required=\"true\" aria-invalid=\"false\" placeholder=\"Telefono zenbakia\" value=\"\" type=\"tel\" name=\"Gaztearentelefonozenbakia\" \/><\/span>\n<\/p>\n<p><span class=\"wpcf7-form-control-wrap\" data-name=\"Gaztearenpostaelektronikokohelbidea\"><input size=\"40\" maxlength=\"400\" class=\"wpcf7-form-control wpcf7-email wpcf7-validates-as-required wpcf7-text wpcf7-validates-as-email\" aria-required=\"true\" aria-invalid=\"false\" placeholder=\"Posta elektronikoko helbidea\" value=\"\" type=\"email\" name=\"Gaztearenpostaelektronikokohelbidea\" \/><\/span>\n<\/p>\n<p><span class=\"wpcf7-form-control-wrap\" data-name=\"onartzen\"><span class=\"wpcf7-form-control wpcf7-acceptance\"><span class=\"wpcf7-list-item\"><input type=\"checkbox\" name=\"onartzen\" value=\"1\" id=\"onartzen\" aria-invalid=\"false\" \/><\/span><\/span><\/span><a href=\"https:\/\/batzen.eus\/ohar-legala\/\" target=\"_blank\">Lege Oharra<\/a> eta <a href=\"https:\/\/batzen.eus\/pribatutasun-politika\/\" target=\"_blank\">Pribatutasun Politika<\/a> irakurri eta onartzen ditut\n<\/p>\n<p><span class=\"wpcf7-form-control-wrap\" data-name=\"hcap-cf7\">\t\t<input\n\t\t\t\ttype=\"hidden\"\n\t\t\t\tclass=\"hcaptcha-widget-id\"\n\t\t\t\tname=\"hcaptcha-widget-id\"\n\t\t\t\tvalue=\"eyJzb3VyY2UiOlsiY29udGFjdC1mb3JtLTdcL3dwLWNvbnRhY3QtZm9ybS03LnBocCJdLCJmb3JtX2lkIjo0fQ==-f963fa11455bac1c382ef8034cb5f2a0\">\n\t\t\t\t<span id=\"hcap_cf7-69f3cb802055a5.06444869\" class=\"wpcf7-form-control h-captcha \"\n\t\t\tdata-sitekey=\"82a68a69-60f8-41ff-8c5c-c801782a452c\"\n\t\t\tdata-theme=\"light\"\n\t\t\tdata-size=\"normal\"\n\t\t\tdata-auto=\"false\"\n\t\t\tdata-ajax=\"false\"\n\t\t\tdata-force=\"false\">\n\t\t<\/span>\n\t\t<input type=\"hidden\" id=\"_wpnonce\" name=\"_wpnonce\" value=\"4a4bae2f86\" \/><input type=\"hidden\" name=\"_wp_http_referer\" value=\"\/es\/wp-json\/wp\/v2\/mec-events\/1550\" \/><\/span><input class=\"wpcf7-form-control wpcf7-submit has-spinner\" type=\"submit\" value=\"Bidali\" \/><br \/>\n<input type=\"hidden\" name=\"wpadcf7sl_remaining\" value=\"40\">\n<input type=\"hidden\" name=\"wpadcf7sl_after_submission\" value=\"\">\n<input type=\"hidden\" name=\"wpadcf7sl_reload_delay\" value=\"\">\n<input type=\"hidden\" name=\"wpadcf7sl_redirect_page\" value=\"\">\n<span class=\"wpcf7-form-control-wrap formid:1554\">\n\t\t\t\t\t\tQuedan 40 plazas.\t\t\t<\/span>\n\n<\/p><div class=\"wpcf7-response-output\" aria-hidden=\"true\"><\/div>\n<\/form>\n<\/div>\n\n","protected":false},"excerpt":{"rendered":"<p>[EUS] BATZEN Gazteak Enpleguratzeko Harrera Sistemaren eskutik, Atzerritartasun Legearen inguruko eta bereziki erreforma berriaren inguruko doako formakuntza eskainiko dugu interesa duen profesionalentzat; Heziketa zentroetako langileak, hezitzaile edota integratzaileak, gazte migratuekin lan egiten duen edota gaiaren inguruan gehiago jakin nahi duen edonorentzat zuzenduta dago. &nbsp; [CAS] De la mano del Sistema de Acogida al Empleo Juvenil [&hellip;]<\/p>\n","protected":false},"author":2,"featured_media":1244,"comment_status":"closed","ping_status":"closed","template":"","meta":{"_acf_changed":false,"site-sidebar-layout":"default","site-content-layout":"","ast-site-content-layout":"default","site-content-style":"default","site-sidebar-style":"default","ast-global-header-display":"","ast-banner-title-visibility":"","ast-main-header-display":"","ast-hfb-above-header-display":"","ast-hfb-below-header-display":"","ast-hfb-mobile-header-display":"","site-post-title":"","ast-breadcrumbs-content":"","ast-featured-img":"","footer-sml-layout":"","ast-disable-related-posts":"","theme-transparent-header-meta":"default","adv-header-id-meta":"","stick-header-meta":"default","header-above-stick-meta":"","header-main-stick-meta":"","header-below-stick-meta":"","astra-migrate-meta-layouts":"set","ast-page-background-enabled":"default","ast-page-background-meta":{"desktop":{"background-color":"","background-image":"","background-repeat":"repeat","background-position":"center center","background-size":"auto","background-attachment":"scroll","background-type":"","background-media":"","overlay-type":"","overlay-color":"","overlay-opacity":"","overlay-gradient":""},"tablet":{"background-color":"","background-image":"","background-repeat":"repeat","background-position":"center center","background-size":"auto","background-attachment":"scroll","background-type":"","background-media":"","overlay-type":"","overlay-color":"","overlay-opacity":"","overlay-gradient":""},"mobile":{"background-color":"","background-image":"","background-repeat":"repeat","background-position":"center center","background-size":"auto","background-attachment":"scroll","background-type":"","background-media":"","overlay-type":"","overlay-color":"","overlay-opacity":"","overlay-gradient":""}},"ast-content-background-meta":{"desktop":{"background-color":"var(--ast-global-color-5)","background-image":"","background-repeat":"repeat","background-position":"center center","background-size":"auto","background-attachment":"scroll","background-type":"","background-media":"","overlay-type":"","overlay-color":"","overlay-opacity":"","overlay-gradient":""},"tablet":{"background-color":"var(--ast-global-color-5)","background-image":"","background-repeat":"repeat","background-position":"center center","background-size":"auto","background-attachment":"scroll","background-type":"","background-media":"","overlay-type":"","overlay-color":"","overlay-opacity":"","overlay-gradient":""},"mobile":{"background-color":"var(--ast-global-color-5)","background-image":"","background-repeat":"repeat","background-position":"center center","background-size":"auto","background-attachment":"scroll","background-type":"","background-media":"","overlay-type":"","overlay-color":"","overlay-opacity":"","overlay-gradient":""}}},"tags":[],"mec_category":[34],"class_list":["post-1550","mec-events","type-mec-events","status-publish","has-post-thumbnail","hentry","mec_category-atzerritartasun-legea"],"acf":[],"yoast_head":"<!-- This site is optimized with the Yoast SEO plugin v27.1.1 - https:\/\/yoast.com\/product\/yoast-seo-wordpress\/ -->\n<title>Atzerritartasun legea FORMAKUNTZA_FORMACI\u00d3N ley de extranjer\u00eda - Batzen<\/title>\n<meta name=\"robots\" content=\"index, follow, max-snippet:-1, max-image-preview:large, max-video-preview:-1\" \/>\n<link rel=\"canonical\" href=\"https:\/\/batzen.eus\/es\/actividades\/atzerritartasun-legea-formakuntza_formacion-ley-de-extranjeria-2-202\/\" \/>\n<meta property=\"og:locale\" content=\"es_ES\" \/>\n<meta property=\"og:type\" content=\"article\" \/>\n<meta property=\"og:title\" content=\"Atzerritartasun legea FORMAKUNTZA_FORMACI\u00d3N ley de extranjer\u00eda - Batzen\" \/>\n<meta property=\"og:description\" content=\"[EUS] BATZEN Gazteak Enpleguratzeko Harrera Sistemaren eskutik, Atzerritartasun Legearen inguruko eta bereziki erreforma berriaren inguruko doako formakuntza eskainiko dugu interesa duen profesionalentzat; Heziketa zentroetako langileak, hezitzaile edota integratzaileak, gazte migratuekin lan egiten duen edota gaiaren inguruan gehiago jakin nahi duen edonorentzat zuzenduta dago. &nbsp; [CAS] De la mano del Sistema de Acogida al Empleo Juvenil [&hellip;]\" \/>\n<meta property=\"og:url\" content=\"https:\/\/batzen.eus\/es\/actividades\/atzerritartasun-legea-formakuntza_formacion-ley-de-extranjeria-2-202\/\" \/>\n<meta property=\"og:site_name\" content=\"Batzen\" \/>\n<meta property=\"article:modified_time\" content=\"2024-11-25T16:10:27+00:00\" \/>\n<meta property=\"og:image\" content=\"https:\/\/batzen.eus\/wp-content\/uploads\/2023\/11\/MicrosoftTeams-image-scaled.jpg\" \/>\n\t<meta property=\"og:image:width\" content=\"2560\" \/>\n\t<meta property=\"og:image:height\" content=\"1597\" \/>\n\t<meta property=\"og:image:type\" content=\"image\/jpeg\" \/>\n<meta name=\"twitter:card\" content=\"summary_large_image\" \/>\n<meta name=\"twitter:label1\" content=\"Tiempo de lectura\" \/>\n\t<meta name=\"twitter:data1\" content=\"1 minuto\" \/>\n<script type=\"application\/ld+json\" class=\"yoast-schema-graph\">{\"@context\":\"https:\/\/schema.org\",\"@graph\":[{\"@type\":\"WebPage\",\"@id\":\"https:\/\/batzen.eus\/es\/actividades\/atzerritartasun-legea-formakuntza_formacion-ley-de-extranjeria-2-202\/\",\"url\":\"https:\/\/batzen.eus\/es\/actividades\/atzerritartasun-legea-formakuntza_formacion-ley-de-extranjeria-2-202\/\",\"name\":\"Atzerritartasun legea FORMAKUNTZA_FORMACI\u00d3N ley de extranjer\u00eda - Batzen\",\"isPartOf\":{\"@id\":\"https:\/\/batzen.eus\/es\/#website\"},\"primaryImageOfPage\":{\"@id\":\"https:\/\/batzen.eus\/es\/actividades\/atzerritartasun-legea-formakuntza_formacion-ley-de-extranjeria-2-202\/#primaryimage\"},\"image\":{\"@id\":\"https:\/\/batzen.eus\/es\/actividades\/atzerritartasun-legea-formakuntza_formacion-ley-de-extranjeria-2-202\/#primaryimage\"},\"thumbnailUrl\":\"https:\/\/batzen.eus\/wp-content\/uploads\/2023\/11\/MicrosoftTeams-image-scaled.jpg\",\"datePublished\":\"2024-11-25T15:53:42+00:00\",\"dateModified\":\"2024-11-25T16:10:27+00:00\",\"breadcrumb\":{\"@id\":\"https:\/\/batzen.eus\/es\/actividades\/atzerritartasun-legea-formakuntza_formacion-ley-de-extranjeria-2-202\/#breadcrumb\"},\"inLanguage\":\"es\",\"potentialAction\":[{\"@type\":\"ReadAction\",\"target\":[\"https:\/\/batzen.eus\/es\/actividades\/atzerritartasun-legea-formakuntza_formacion-ley-de-extranjeria-2-202\/\"]}]},{\"@type\":\"ImageObject\",\"inLanguage\":\"es\",\"@id\":\"https:\/\/batzen.eus\/es\/actividades\/atzerritartasun-legea-formakuntza_formacion-ley-de-extranjeria-2-202\/#primaryimage\",\"url\":\"https:\/\/batzen.eus\/wp-content\/uploads\/2023\/11\/MicrosoftTeams-image-scaled.jpg\",\"contentUrl\":\"https:\/\/batzen.eus\/wp-content\/uploads\/2023\/11\/MicrosoftTeams-image-scaled.jpg\",\"width\":2560,\"height\":1597},{\"@type\":\"BreadcrumbList\",\"@id\":\"https:\/\/batzen.eus\/es\/actividades\/atzerritartasun-legea-formakuntza_formacion-ley-de-extranjeria-2-202\/#breadcrumb\",\"itemListElement\":[{\"@type\":\"ListItem\",\"position\":1,\"name\":\"Home\",\"item\":\"https:\/\/batzen.eus\/es\/\"},{\"@type\":\"ListItem\",\"position\":2,\"name\":\"Atzerritartasun legea FORMAKUNTZA_FORMACI\u00d3N ley de extranjer\u00eda\"}]},{\"@type\":\"WebSite\",\"@id\":\"https:\/\/batzen.eus\/es\/#website\",\"url\":\"https:\/\/batzen.eus\/es\/\",\"name\":\"Batzen\",\"description\":\"Gazteak Enpleguratzeko Harrera Sistema\",\"publisher\":{\"@id\":\"https:\/\/batzen.eus\/es\/#organization\"},\"potentialAction\":[{\"@type\":\"SearchAction\",\"target\":{\"@type\":\"EntryPoint\",\"urlTemplate\":\"https:\/\/batzen.eus\/es\/?s={search_term_string}\"},\"query-input\":{\"@type\":\"PropertyValueSpecification\",\"valueRequired\":true,\"valueName\":\"search_term_string\"}}],\"inLanguage\":\"es\"},{\"@type\":\"Organization\",\"@id\":\"https:\/\/batzen.eus\/es\/#organization\",\"name\":\"Batzen\",\"url\":\"https:\/\/batzen.eus\/es\/\",\"logo\":{\"@type\":\"ImageObject\",\"inLanguage\":\"es\",\"@id\":\"https:\/\/batzen.eus\/es\/#\/schema\/logo\/image\/\",\"url\":\"https:\/\/batzen.eus\/wp-content\/uploads\/2021\/09\/Batzen-H-testuarekin-Kolore.png\",\"contentUrl\":\"https:\/\/batzen.eus\/wp-content\/uploads\/2021\/09\/Batzen-H-testuarekin-Kolore.png\",\"width\":1134,\"height\":386,\"caption\":\"Batzen\"},\"image\":{\"@id\":\"https:\/\/batzen.eus\/es\/#\/schema\/logo\/image\/\"}}]}<\/script>\n<!-- \/ Yoast SEO plugin. -->","yoast_head_json":{"title":"Atzerritartasun legea FORMAKUNTZA_FORMACI\u00d3N ley de extranjer\u00eda - Batzen","robots":{"index":"index","follow":"follow","max-snippet":"max-snippet:-1","max-image-preview":"max-image-preview:large","max-video-preview":"max-video-preview:-1"},"canonical":"https:\/\/batzen.eus\/es\/actividades\/atzerritartasun-legea-formakuntza_formacion-ley-de-extranjeria-2-202\/","og_locale":"es_ES","og_type":"article","og_title":"Atzerritartasun legea FORMAKUNTZA_FORMACI\u00d3N ley de extranjer\u00eda - Batzen","og_description":"[EUS] BATZEN Gazteak Enpleguratzeko Harrera Sistemaren eskutik, Atzerritartasun Legearen inguruko eta bereziki erreforma berriaren inguruko doako formakuntza eskainiko dugu interesa duen profesionalentzat; Heziketa zentroetako langileak, hezitzaile edota integratzaileak, gazte migratuekin lan egiten duen edota gaiaren inguruan gehiago jakin nahi duen edonorentzat zuzenduta dago. &nbsp; [CAS] De la mano del Sistema de Acogida al Empleo Juvenil [&hellip;]","og_url":"https:\/\/batzen.eus\/es\/actividades\/atzerritartasun-legea-formakuntza_formacion-ley-de-extranjeria-2-202\/","og_site_name":"Batzen","article_modified_time":"2024-11-25T16:10:27+00:00","og_image":[{"width":2560,"height":1597,"url":"https:\/\/batzen.eus\/wp-content\/uploads\/2023\/11\/MicrosoftTeams-image-scaled.jpg","type":"image\/jpeg"}],"twitter_card":"summary_large_image","twitter_misc":{"Tiempo de lectura":"1 minuto"},"schema":{"@context":"https:\/\/schema.org","@graph":[{"@type":"WebPage","@id":"https:\/\/batzen.eus\/es\/actividades\/atzerritartasun-legea-formakuntza_formacion-ley-de-extranjeria-2-202\/","url":"https:\/\/batzen.eus\/es\/actividades\/atzerritartasun-legea-formakuntza_formacion-ley-de-extranjeria-2-202\/","name":"Atzerritartasun legea FORMAKUNTZA_FORMACI\u00d3N ley de extranjer\u00eda - Batzen","isPartOf":{"@id":"https:\/\/batzen.eus\/es\/#website"},"primaryImageOfPage":{"@id":"https:\/\/batzen.eus\/es\/actividades\/atzerritartasun-legea-formakuntza_formacion-ley-de-extranjeria-2-202\/#primaryimage"},"image":{"@id":"https:\/\/batzen.eus\/es\/actividades\/atzerritartasun-legea-formakuntza_formacion-ley-de-extranjeria-2-202\/#primaryimage"},"thumbnailUrl":"https:\/\/batzen.eus\/wp-content\/uploads\/2023\/11\/MicrosoftTeams-image-scaled.jpg","datePublished":"2024-11-25T15:53:42+00:00","dateModified":"2024-11-25T16:10:27+00:00","breadcrumb":{"@id":"https:\/\/batzen.eus\/es\/actividades\/atzerritartasun-legea-formakuntza_formacion-ley-de-extranjeria-2-202\/#breadcrumb"},"inLanguage":"es","potentialAction":[{"@type":"ReadAction","target":["https:\/\/batzen.eus\/es\/actividades\/atzerritartasun-legea-formakuntza_formacion-ley-de-extranjeria-2-202\/"]}]},{"@type":"ImageObject","inLanguage":"es","@id":"https:\/\/batzen.eus\/es\/actividades\/atzerritartasun-legea-formakuntza_formacion-ley-de-extranjeria-2-202\/#primaryimage","url":"https:\/\/batzen.eus\/wp-content\/uploads\/2023\/11\/MicrosoftTeams-image-scaled.jpg","contentUrl":"https:\/\/batzen.eus\/wp-content\/uploads\/2023\/11\/MicrosoftTeams-image-scaled.jpg","width":2560,"height":1597},{"@type":"BreadcrumbList","@id":"https:\/\/batzen.eus\/es\/actividades\/atzerritartasun-legea-formakuntza_formacion-ley-de-extranjeria-2-202\/#breadcrumb","itemListElement":[{"@type":"ListItem","position":1,"name":"Home","item":"https:\/\/batzen.eus\/es\/"},{"@type":"ListItem","position":2,"name":"Atzerritartasun legea FORMAKUNTZA_FORMACI\u00d3N ley de extranjer\u00eda"}]},{"@type":"WebSite","@id":"https:\/\/batzen.eus\/es\/#website","url":"https:\/\/batzen.eus\/es\/","name":"Batzen","description":"Gazteak Enpleguratzeko Harrera Sistema","publisher":{"@id":"https:\/\/batzen.eus\/es\/#organization"},"potentialAction":[{"@type":"SearchAction","target":{"@type":"EntryPoint","urlTemplate":"https:\/\/batzen.eus\/es\/?s={search_term_string}"},"query-input":{"@type":"PropertyValueSpecification","valueRequired":true,"valueName":"search_term_string"}}],"inLanguage":"es"},{"@type":"Organization","@id":"https:\/\/batzen.eus\/es\/#organization","name":"Batzen","url":"https:\/\/batzen.eus\/es\/","logo":{"@type":"ImageObject","inLanguage":"es","@id":"https:\/\/batzen.eus\/es\/#\/schema\/logo\/image\/","url":"https:\/\/batzen.eus\/wp-content\/uploads\/2021\/09\/Batzen-H-testuarekin-Kolore.png","contentUrl":"https:\/\/batzen.eus\/wp-content\/uploads\/2021\/09\/Batzen-H-testuarekin-Kolore.png","width":1134,"height":386,"caption":"Batzen"},"image":{"@id":"https:\/\/batzen.eus\/es\/#\/schema\/logo\/image\/"}}]}},"_links":{"self":[{"href":"https:\/\/batzen.eus\/es\/wp-json\/wp\/v2\/mec-events\/1550","targetHints":{"allow":["GET"]}}],"collection":[{"href":"https:\/\/batzen.eus\/es\/wp-json\/wp\/v2\/mec-events"}],"about":[{"href":"https:\/\/batzen.eus\/es\/wp-json\/wp\/v2\/types\/mec-events"}],"author":[{"embeddable":true,"href":"https:\/\/batzen.eus\/es\/wp-json\/wp\/v2\/users\/2"}],"replies":[{"embeddable":true,"href":"https:\/\/batzen.eus\/es\/wp-json\/wp\/v2\/comments?post=1550"}],"wp:featuredmedia":[{"embeddable":true,"href":"https:\/\/batzen.eus\/es\/wp-json\/wp\/v2\/media\/1244"}],"wp:attachment":[{"href":"https:\/\/batzen.eus\/es\/wp-json\/wp\/v2\/media?parent=1550"}],"wp:term":[{"taxonomy":"post_tag","embeddable":true,"href":"https:\/\/batzen.eus\/es\/wp-json\/wp\/v2\/tags?post=1550"},{"taxonomy":"mec_category","embeddable":true,"href":"https:\/\/batzen.eus\/es\/wp-json\/wp\/v2\/mec_category?post=1550"}],"curies":[{"name":"wp","href":"https:\/\/api.w.org\/{rel}","templated":true}]}}