{"id":1413,"date":"2024-04-29T15:15:06","date_gmt":"2024-04-29T13:15:06","guid":{"rendered":"https:\/\/batzen.eus\/?post_type=mec-events&#038;p=1413"},"modified":"2024-04-29T15:15:22","modified_gmt":"2024-04-29T13:15:22","slug":"batzen-formakuntza-hezitzaile-eta-arduradunentzat_formacion-batzen-para-equipos-educativos-y-coordinacion-784-445","status":"publish","type":"mec-events","link":"https:\/\/batzen.eus\/es\/actividades\/batzen-formakuntza-hezitzaile-eta-arduradunentzat_formacion-batzen-para-equipos-educativos-y-coordinacion-784-445\/","title":{"rendered":"BATZEN FORMAKUNTZA hezitzaile eta arduradunentzat_FORMACI\u00d3N BATZEN para equipos educativos y coordinaci\u00f3n"},"content":{"rendered":"<p>[EUS]<\/p>\n<p>BATZEN laguntza soziolaboralak, formakuntza hau jarri du martxan BATZENen altan emanda dauden <strong>gazteen ekipo hezitzaile eta arduradunentzat<\/strong>. Formakuntzak bi saio izango ditu jarraian (bi asteazken jarraian), eta<strong> langileek aukeratu ahal izango dute maiatzean edo urrian egin; bai maiatzean eta bai urrian, bi saioetara etorri beharko dira, <\/strong>bi saioko formakuntza da eta.<\/p>\n<p>Maiatzeko saioak:<\/p>\n<ul>\n<li>Maiatzak 8 10.00-11.30Gipuzkoako baliabide soziolaboralak eta orientazio formatiborako klabeak<\/li>\n<li>Maiatzak 15 10.00-11.30Ibilbide soziolaboralen diseinuak BATZEN metodologiarekin<\/li>\n<\/ul>\n<p>Urriko saioak:<\/p>\n<ul>\n<li>Urriak 23 10.00-11.30Gipuzkoako baliabide soziolaboralak eta orientazio formatiborako klabeak<\/li>\n<li>Urriak 30 10.00-11.30Ibilbide soziolaboralen diseinuak BATZEN metodologiarekin<strong>\u00a0<\/strong><\/li>\n<\/ul>\n<p>&nbsp;<\/p>\n<p>&nbsp;<\/p>\n<p>[CAS]<\/p>\n<div id=\"translation_text\">\n<div class=\"jumbotron-text\">\n<div class=\"row\">\n<div class=\"col-md-12 col-xs-12\">El apoyo sociolaboral de BATZEN pone en marcha esta formaci\u00f3n dirigida a equipos educativos y responsables de j\u00f3venes dados de alta en BATZEN. La formaci\u00f3n constar\u00e1 de dos sesiones consecutivas (dos mi\u00e9rcoles consecutivos) que las y los trabajadores podr\u00e1n <strong>elegir entre realizar en mayo u octubre; tanto en mayo como en octubre, deber\u00e1n asistir a dos sesiones, <\/strong>ya que se trata de formaci\u00f3n de dos sesiones.<\/div>\n<\/div>\n<\/div>\n<\/div>\n<p>&nbsp;<\/p>\n<p>Sesiones de mayo:<\/p>\n<ul>\n<li>8 de mayo 10.00-11.30 Recursos sociolaborales en Gipuzkoa y claves para la orientaci\u00f3n formativa<\/li>\n<li>15 mayo 10.00-11.30 Dise\u00f1os de itinerarios sociolaborales con la metodolog\u00eda BATZEN<\/li>\n<\/ul>\n<p>Sesiones de octubre:<\/p>\n<ul>\n<li>23 octubre 10.00-11.30 Recursos sociolaborales en Gipuzkoa y claves para la orientaci\u00f3n formativa<\/li>\n<li>30 de octubre 10.00-11.30 Dise\u00f1os de itinerarios sociolaborales con la metodolog\u00eda BATZEN<\/li>\n<\/ul>\n<p>&nbsp;<\/p>\n","protected":false},"excerpt":{"rendered":"<p>[EUS] BATZEN laguntza soziolaboralak, formakuntza hau jarri du martxan BATZENen altan emanda dauden gazteen ekipo hezitzaile eta arduradunentzat. Formakuntzak bi saio izango ditu jarraian (bi asteazken jarraian), eta langileek aukeratu ahal izango dute maiatzean edo urrian egin; bai maiatzean eta bai urrian, bi saioetara etorri beharko dira, bi saioko formakuntza da eta. Maiatzeko saioak: Maiatzak [&hellip;]<\/p>\n","protected":false},"author":2,"featured_media":388,"comment_status":"closed","ping_status":"closed","template":"","meta":{"_acf_changed":false,"site-sidebar-layout":"default","site-content-layout":"default","ast-site-content-layout":"default","site-content-style":"default","site-sidebar-style":"default","ast-global-header-display":"","ast-banner-title-visibility":"","ast-main-header-display":"","ast-hfb-above-header-display":"","ast-hfb-below-header-display":"","ast-hfb-mobile-header-display":"","site-post-title":"","ast-breadcrumbs-content":"","ast-featured-img":"","footer-sml-layout":"","ast-disable-related-posts":"","theme-transparent-header-meta":"default","adv-header-id-meta":"","stick-header-meta":"default","header-above-stick-meta":"","header-main-stick-meta":"","header-below-stick-meta":"","astra-migrate-meta-layouts":"default","ast-page-background-enabled":"default","ast-page-background-meta":{"desktop":{"background-color":"","background-image":"","background-repeat":"repeat","background-position":"center center","background-size":"auto","background-attachment":"scroll","background-type":"","background-media":"","overlay-type":"","overlay-color":"","overlay-opacity":"","overlay-gradient":""},"tablet":{"background-color":"","background-image":"","background-repeat":"repeat","background-position":"center center","background-size":"auto","background-attachment":"scroll","background-type":"","background-media":"","overlay-type":"","overlay-color":"","overlay-opacity":"","overlay-gradient":""},"mobile":{"background-color":"","background-image":"","background-repeat":"repeat","background-position":"center center","background-size":"auto","background-attachment":"scroll","background-type":"","background-media":"","overlay-type":"","overlay-color":"","overlay-opacity":"","overlay-gradient":""}},"ast-content-background-meta":{"desktop":{"background-color":"var(--ast-global-color-5)","background-image":"","background-repeat":"repeat","background-position":"center center","background-size":"auto","background-attachment":"scroll","background-type":"","background-media":"","overlay-type":"","overlay-color":"","overlay-opacity":"","overlay-gradient":""},"tablet":{"background-color":"var(--ast-global-color-5)","background-image":"","background-repeat":"repeat","background-position":"center center","background-size":"auto","background-attachment":"scroll","background-type":"","background-media":"","overlay-type":"","overlay-color":"","overlay-opacity":"","overlay-gradient":""},"mobile":{"background-color":"var(--ast-global-color-5)","background-image":"","background-repeat":"repeat","background-position":"center center","background-size":"auto","background-attachment":"scroll","background-type":"","background-media":"","overlay-type":"","overlay-color":"","overlay-opacity":"","overlay-gradient":""}}},"tags":[],"mec_category":[],"class_list":["post-1413","mec-events","type-mec-events","status-publish","has-post-thumbnail","hentry"],"acf":[],"yoast_head":"<!-- This site is optimized with the Yoast SEO plugin v27.1.1 - https:\/\/yoast.com\/product\/yoast-seo-wordpress\/ -->\n<title>BATZEN FORMAKUNTZA hezitzaile eta arduradunentzat_FORMACI\u00d3N BATZEN para equipos educativos y coordinaci\u00f3n - Batzen<\/title>\n<meta name=\"robots\" content=\"index, follow, max-snippet:-1, max-image-preview:large, max-video-preview:-1\" \/>\n<link rel=\"canonical\" href=\"https:\/\/batzen.eus\/es\/actividades\/batzen-formakuntza-hezitzaile-eta-arduradunentzat_formacion-batzen-para-equipos-educativos-y-coordinacion-784-445\/\" \/>\n<meta property=\"og:locale\" content=\"es_ES\" \/>\n<meta property=\"og:type\" content=\"article\" \/>\n<meta property=\"og:title\" content=\"BATZEN FORMAKUNTZA hezitzaile eta arduradunentzat_FORMACI\u00d3N BATZEN para equipos educativos y coordinaci\u00f3n - Batzen\" \/>\n<meta property=\"og:description\" content=\"[EUS] BATZEN laguntza soziolaboralak, formakuntza hau jarri du martxan BATZENen altan emanda dauden gazteen ekipo hezitzaile eta arduradunentzat. Formakuntzak bi saio izango ditu jarraian (bi asteazken jarraian), eta langileek aukeratu ahal izango dute maiatzean edo urrian egin; bai maiatzean eta bai urrian, bi saioetara etorri beharko dira, bi saioko formakuntza da eta. Maiatzeko saioak: Maiatzak [&hellip;]\" \/>\n<meta property=\"og:url\" content=\"https:\/\/batzen.eus\/es\/actividades\/batzen-formakuntza-hezitzaile-eta-arduradunentzat_formacion-batzen-para-equipos-educativos-y-coordinacion-784-445\/\" \/>\n<meta property=\"og:site_name\" content=\"Batzen\" \/>\n<meta property=\"article:modified_time\" content=\"2024-04-29T13:15:22+00:00\" \/>\n<meta property=\"og:image\" content=\"https:\/\/batzen.eus\/wp-content\/uploads\/2021\/10\/batzen-enplegu-inklusibo-sistema_g.png\" \/>\n\t<meta property=\"og:image:width\" content=\"3000\" \/>\n\t<meta property=\"og:image:height\" content=\"1881\" \/>\n\t<meta property=\"og:image:type\" content=\"image\/png\" \/>\n<meta name=\"twitter:card\" content=\"summary_large_image\" \/>\n<meta name=\"twitter:label1\" content=\"Tiempo de lectura\" \/>\n\t<meta name=\"twitter:data1\" content=\"1 minuto\" \/>\n<script type=\"application\/ld+json\" class=\"yoast-schema-graph\">{\"@context\":\"https:\/\/schema.org\",\"@graph\":[{\"@type\":\"WebPage\",\"@id\":\"https:\/\/batzen.eus\/es\/actividades\/batzen-formakuntza-hezitzaile-eta-arduradunentzat_formacion-batzen-para-equipos-educativos-y-coordinacion-784-445\/\",\"url\":\"https:\/\/batzen.eus\/es\/actividades\/batzen-formakuntza-hezitzaile-eta-arduradunentzat_formacion-batzen-para-equipos-educativos-y-coordinacion-784-445\/\",\"name\":\"BATZEN FORMAKUNTZA hezitzaile eta arduradunentzat_FORMACI\u00d3N BATZEN para equipos educativos y coordinaci\u00f3n - Batzen\",\"isPartOf\":{\"@id\":\"https:\/\/batzen.eus\/es\/#website\"},\"primaryImageOfPage\":{\"@id\":\"https:\/\/batzen.eus\/es\/actividades\/batzen-formakuntza-hezitzaile-eta-arduradunentzat_formacion-batzen-para-equipos-educativos-y-coordinacion-784-445\/#primaryimage\"},\"image\":{\"@id\":\"https:\/\/batzen.eus\/es\/actividades\/batzen-formakuntza-hezitzaile-eta-arduradunentzat_formacion-batzen-para-equipos-educativos-y-coordinacion-784-445\/#primaryimage\"},\"thumbnailUrl\":\"https:\/\/batzen.eus\/wp-content\/uploads\/2021\/10\/batzen-enplegu-inklusibo-sistema_g.png\",\"datePublished\":\"2024-04-29T13:15:06+00:00\",\"dateModified\":\"2024-04-29T13:15:22+00:00\",\"breadcrumb\":{\"@id\":\"https:\/\/batzen.eus\/es\/actividades\/batzen-formakuntza-hezitzaile-eta-arduradunentzat_formacion-batzen-para-equipos-educativos-y-coordinacion-784-445\/#breadcrumb\"},\"inLanguage\":\"es\",\"potentialAction\":[{\"@type\":\"ReadAction\",\"target\":[\"https:\/\/batzen.eus\/es\/actividades\/batzen-formakuntza-hezitzaile-eta-arduradunentzat_formacion-batzen-para-equipos-educativos-y-coordinacion-784-445\/\"]}]},{\"@type\":\"ImageObject\",\"inLanguage\":\"es\",\"@id\":\"https:\/\/batzen.eus\/es\/actividades\/batzen-formakuntza-hezitzaile-eta-arduradunentzat_formacion-batzen-para-equipos-educativos-y-coordinacion-784-445\/#primaryimage\",\"url\":\"https:\/\/batzen.eus\/wp-content\/uploads\/2021\/10\/batzen-enplegu-inklusibo-sistema_g.png\",\"contentUrl\":\"https:\/\/batzen.eus\/wp-content\/uploads\/2021\/10\/batzen-enplegu-inklusibo-sistema_g.png\",\"width\":3000,\"height\":1881},{\"@type\":\"BreadcrumbList\",\"@id\":\"https:\/\/batzen.eus\/es\/actividades\/batzen-formakuntza-hezitzaile-eta-arduradunentzat_formacion-batzen-para-equipos-educativos-y-coordinacion-784-445\/#breadcrumb\",\"itemListElement\":[{\"@type\":\"ListItem\",\"position\":1,\"name\":\"Home\",\"item\":\"https:\/\/batzen.eus\/es\/\"},{\"@type\":\"ListItem\",\"position\":2,\"name\":\"BATZEN FORMAKUNTZA hezitzaile eta arduradunentzat_FORMACI\u00d3N BATZEN para equipos educativos y coordinaci\u00f3n\"}]},{\"@type\":\"WebSite\",\"@id\":\"https:\/\/batzen.eus\/es\/#website\",\"url\":\"https:\/\/batzen.eus\/es\/\",\"name\":\"Batzen\",\"description\":\"Gazteak Enpleguratzeko Harrera Sistema\",\"publisher\":{\"@id\":\"https:\/\/batzen.eus\/es\/#organization\"},\"potentialAction\":[{\"@type\":\"SearchAction\",\"target\":{\"@type\":\"EntryPoint\",\"urlTemplate\":\"https:\/\/batzen.eus\/es\/?s={search_term_string}\"},\"query-input\":{\"@type\":\"PropertyValueSpecification\",\"valueRequired\":true,\"valueName\":\"search_term_string\"}}],\"inLanguage\":\"es\"},{\"@type\":\"Organization\",\"@id\":\"https:\/\/batzen.eus\/es\/#organization\",\"name\":\"Batzen\",\"url\":\"https:\/\/batzen.eus\/es\/\",\"logo\":{\"@type\":\"ImageObject\",\"inLanguage\":\"es\",\"@id\":\"https:\/\/batzen.eus\/es\/#\/schema\/logo\/image\/\",\"url\":\"https:\/\/batzen.eus\/wp-content\/uploads\/2021\/09\/Batzen-H-testuarekin-Kolore.png\",\"contentUrl\":\"https:\/\/batzen.eus\/wp-content\/uploads\/2021\/09\/Batzen-H-testuarekin-Kolore.png\",\"width\":1134,\"height\":386,\"caption\":\"Batzen\"},\"image\":{\"@id\":\"https:\/\/batzen.eus\/es\/#\/schema\/logo\/image\/\"}}]}<\/script>\n<!-- \/ Yoast SEO plugin. -->","yoast_head_json":{"title":"BATZEN FORMAKUNTZA hezitzaile eta arduradunentzat_FORMACI\u00d3N BATZEN para equipos educativos y coordinaci\u00f3n - Batzen","robots":{"index":"index","follow":"follow","max-snippet":"max-snippet:-1","max-image-preview":"max-image-preview:large","max-video-preview":"max-video-preview:-1"},"canonical":"https:\/\/batzen.eus\/es\/actividades\/batzen-formakuntza-hezitzaile-eta-arduradunentzat_formacion-batzen-para-equipos-educativos-y-coordinacion-784-445\/","og_locale":"es_ES","og_type":"article","og_title":"BATZEN FORMAKUNTZA hezitzaile eta arduradunentzat_FORMACI\u00d3N BATZEN para equipos educativos y coordinaci\u00f3n - Batzen","og_description":"[EUS] BATZEN laguntza soziolaboralak, formakuntza hau jarri du martxan BATZENen altan emanda dauden gazteen ekipo hezitzaile eta arduradunentzat. Formakuntzak bi saio izango ditu jarraian (bi asteazken jarraian), eta langileek aukeratu ahal izango dute maiatzean edo urrian egin; bai maiatzean eta bai urrian, bi saioetara etorri beharko dira, bi saioko formakuntza da eta. Maiatzeko saioak: Maiatzak [&hellip;]","og_url":"https:\/\/batzen.eus\/es\/actividades\/batzen-formakuntza-hezitzaile-eta-arduradunentzat_formacion-batzen-para-equipos-educativos-y-coordinacion-784-445\/","og_site_name":"Batzen","article_modified_time":"2024-04-29T13:15:22+00:00","og_image":[{"width":3000,"height":1881,"url":"https:\/\/batzen.eus\/wp-content\/uploads\/2021\/10\/batzen-enplegu-inklusibo-sistema_g.png","type":"image\/png"}],"twitter_card":"summary_large_image","twitter_misc":{"Tiempo de lectura":"1 minuto"},"schema":{"@context":"https:\/\/schema.org","@graph":[{"@type":"WebPage","@id":"https:\/\/batzen.eus\/es\/actividades\/batzen-formakuntza-hezitzaile-eta-arduradunentzat_formacion-batzen-para-equipos-educativos-y-coordinacion-784-445\/","url":"https:\/\/batzen.eus\/es\/actividades\/batzen-formakuntza-hezitzaile-eta-arduradunentzat_formacion-batzen-para-equipos-educativos-y-coordinacion-784-445\/","name":"BATZEN FORMAKUNTZA hezitzaile eta arduradunentzat_FORMACI\u00d3N BATZEN para equipos educativos y coordinaci\u00f3n - Batzen","isPartOf":{"@id":"https:\/\/batzen.eus\/es\/#website"},"primaryImageOfPage":{"@id":"https:\/\/batzen.eus\/es\/actividades\/batzen-formakuntza-hezitzaile-eta-arduradunentzat_formacion-batzen-para-equipos-educativos-y-coordinacion-784-445\/#primaryimage"},"image":{"@id":"https:\/\/batzen.eus\/es\/actividades\/batzen-formakuntza-hezitzaile-eta-arduradunentzat_formacion-batzen-para-equipos-educativos-y-coordinacion-784-445\/#primaryimage"},"thumbnailUrl":"https:\/\/batzen.eus\/wp-content\/uploads\/2021\/10\/batzen-enplegu-inklusibo-sistema_g.png","datePublished":"2024-04-29T13:15:06+00:00","dateModified":"2024-04-29T13:15:22+00:00","breadcrumb":{"@id":"https:\/\/batzen.eus\/es\/actividades\/batzen-formakuntza-hezitzaile-eta-arduradunentzat_formacion-batzen-para-equipos-educativos-y-coordinacion-784-445\/#breadcrumb"},"inLanguage":"es","potentialAction":[{"@type":"ReadAction","target":["https:\/\/batzen.eus\/es\/actividades\/batzen-formakuntza-hezitzaile-eta-arduradunentzat_formacion-batzen-para-equipos-educativos-y-coordinacion-784-445\/"]}]},{"@type":"ImageObject","inLanguage":"es","@id":"https:\/\/batzen.eus\/es\/actividades\/batzen-formakuntza-hezitzaile-eta-arduradunentzat_formacion-batzen-para-equipos-educativos-y-coordinacion-784-445\/#primaryimage","url":"https:\/\/batzen.eus\/wp-content\/uploads\/2021\/10\/batzen-enplegu-inklusibo-sistema_g.png","contentUrl":"https:\/\/batzen.eus\/wp-content\/uploads\/2021\/10\/batzen-enplegu-inklusibo-sistema_g.png","width":3000,"height":1881},{"@type":"BreadcrumbList","@id":"https:\/\/batzen.eus\/es\/actividades\/batzen-formakuntza-hezitzaile-eta-arduradunentzat_formacion-batzen-para-equipos-educativos-y-coordinacion-784-445\/#breadcrumb","itemListElement":[{"@type":"ListItem","position":1,"name":"Home","item":"https:\/\/batzen.eus\/es\/"},{"@type":"ListItem","position":2,"name":"BATZEN FORMAKUNTZA hezitzaile eta arduradunentzat_FORMACI\u00d3N BATZEN para equipos educativos y coordinaci\u00f3n"}]},{"@type":"WebSite","@id":"https:\/\/batzen.eus\/es\/#website","url":"https:\/\/batzen.eus\/es\/","name":"Batzen","description":"Gazteak Enpleguratzeko Harrera Sistema","publisher":{"@id":"https:\/\/batzen.eus\/es\/#organization"},"potentialAction":[{"@type":"SearchAction","target":{"@type":"EntryPoint","urlTemplate":"https:\/\/batzen.eus\/es\/?s={search_term_string}"},"query-input":{"@type":"PropertyValueSpecification","valueRequired":true,"valueName":"search_term_string"}}],"inLanguage":"es"},{"@type":"Organization","@id":"https:\/\/batzen.eus\/es\/#organization","name":"Batzen","url":"https:\/\/batzen.eus\/es\/","logo":{"@type":"ImageObject","inLanguage":"es","@id":"https:\/\/batzen.eus\/es\/#\/schema\/logo\/image\/","url":"https:\/\/batzen.eus\/wp-content\/uploads\/2021\/09\/Batzen-H-testuarekin-Kolore.png","contentUrl":"https:\/\/batzen.eus\/wp-content\/uploads\/2021\/09\/Batzen-H-testuarekin-Kolore.png","width":1134,"height":386,"caption":"Batzen"},"image":{"@id":"https:\/\/batzen.eus\/es\/#\/schema\/logo\/image\/"}}]}},"_links":{"self":[{"href":"https:\/\/batzen.eus\/es\/wp-json\/wp\/v2\/mec-events\/1413","targetHints":{"allow":["GET"]}}],"collection":[{"href":"https:\/\/batzen.eus\/es\/wp-json\/wp\/v2\/mec-events"}],"about":[{"href":"https:\/\/batzen.eus\/es\/wp-json\/wp\/v2\/types\/mec-events"}],"author":[{"embeddable":true,"href":"https:\/\/batzen.eus\/es\/wp-json\/wp\/v2\/users\/2"}],"replies":[{"embeddable":true,"href":"https:\/\/batzen.eus\/es\/wp-json\/wp\/v2\/comments?post=1413"}],"wp:featuredmedia":[{"embeddable":true,"href":"https:\/\/batzen.eus\/es\/wp-json\/wp\/v2\/media\/388"}],"wp:attachment":[{"href":"https:\/\/batzen.eus\/es\/wp-json\/wp\/v2\/media?parent=1413"}],"wp:term":[{"taxonomy":"post_tag","embeddable":true,"href":"https:\/\/batzen.eus\/es\/wp-json\/wp\/v2\/tags?post=1413"},{"taxonomy":"mec_category","embeddable":true,"href":"https:\/\/batzen.eus\/es\/wp-json\/wp\/v2\/mec_category?post=1413"}],"curies":[{"name":"wp","href":"https:\/\/api.w.org\/{rel}","templated":true}]}}